{"id":10766,"date":"2019-12-22T17:16:54","date_gmt":"2019-12-22T16:16:54","guid":{"rendered":"https:\/\/www.booksonthemove.fr\/produit\/inter-art-actuel-n-129-mai-68-cinquante-ans-plus-tard\/"},"modified":"2022-11-15T19:23:55","modified_gmt":"2022-11-15T18:23:55","slug":"inter-art-actuel-n-129-mai-68-cinquante-ans-plus-tard","status":"publish","type":"product","link":"https:\/\/www.booksonthemove.fr\/en\/produit\/inter-art-actuel-n-129-mai-68-cinquante-ans-plus-tard\/","title":{"rendered":"Inter, art actuel n\u00b0 129 \u2013 Mai 68 &#8211; Cinquante ans plus tard"},"content":{"rendered":"<p class=\"bodytext\">Num\u00e9ro sp\u00e9cial Mai 68, avec des textes de Paul Ardenne, Jacques Donguy, Victor Mu\u00f1oz, Giovanni Fontana, Charles Dreyfus, Julien Blaine, un entretien avec Daniel Cohn-Bendit\u2026 Un num\u00e9ro particuli\u00e8rement riche, comprenant \u00e9galement un large dossier sur l&#8217;art sociologique, sans oublier les rubriques habituelles.<\/p>\n<p class=\"bodytext\">Lorsque notre complice Charles Dreyfus nous a fait remarquer qu&#8217;en 2018, ce serait le 50e anniversaire de Mai 68, nous nous sommes dits qu&#8217;effectivement, cet \u00e9v\u00e9nement important pouvait obtenir une certaine long\u00e9vit\u00e9 et mieux se situer dans les mouvances et conditionnements. Puis, apr\u00e8s avoir v\u00e9rifi\u00e9 que les derni\u00e8res g\u00e9n\u00e9rations ne connaissaient pas Mai 68, nous \u00e9tions convaincus de l&#8217;importance de revenir sur ces moments, de les remettre en m\u00e9moire, surtout par l&#8217;entremise de protagonistes ayant v\u00e9cu cette p\u00e9riode charg\u00e9e historiquement.<\/p>\n<p class=\"bodytext\">Nous relatons quelque peu cette \u00e9poque, mais aussi, puisque se tiendra un colloque sur l&#8217;\u00e9v\u00e9nement \u00e0 l&#8217;UQAM, \u00e0 Montr\u00e9al, organis\u00e9 par Martin Nadeau, nous lui avons demand\u00e9, justement, d&#8217;en faire une synth\u00e8se pour informer nos lecteurs des grandes implications suscit\u00e9es par les \u00e9l\u00e9ments actifs et activistes de Mai 68.<\/p>\n<p class=\"bodytext\">Nous avons \u00e9galement la chance de publier un texte d&#8217;Ang\u00e9line Neveu, qui a \u00e9t\u00e9 une Enrag\u00e9e. Il s&#8217;agit d&#8217;un t\u00e9moignage de l&#8217;int\u00e9rieur pour celle qui, active dans les actions de Mai 68, a fait des d\u00e9rives avec Debord. Ce document historique et in\u00e9dit est ici pour la premi\u00e8re fois publi\u00e9. C&#8217;est un pav\u00e9 pour l&#8217;histoire, un pamphlet v\u00e9cu et \u00ab d\u00e9montr\u00e9 \u00bb.<\/p>\n<p class=\"bodytext\">Michel Collet a contact\u00e9 Daniel Cohn-Bendit par t\u00e9l\u00e9phone pour son avis sur ces \u00e9v\u00e9nements de 68 o\u00f9 il avait eu une participation importante ; l&#8217;ayant v\u00e9cu de l&#8217;int\u00e9rieur, il nous semblait justifi\u00e9 d&#8217;avoir son avis, ses impressions, ses commentaires ; 50 ans plus tard pour consid\u00e9rer les retomb\u00e9es de ces moments historiques. Cohn-Bendit y parle des crises \u00e9cologiques comme climatiques, de la mondialisation aussi ; des diverses \u00e9mancipations et de la lib\u00e9ralisation des d\u00e9sirs.<\/p>\n<p class=\"bodytext\">Nous avons demand\u00e9 \u00e0 Paul Ardenne de nous parler des travaux et des expositions de quelques artistes pour qui ces critiques et revendications ont constitu\u00e9 le fondement des situations et remises en question de leur implication.<\/p>\n<p class=\"bodytext\">De plus, avec encore ici la complicit\u00e9 de notre comit\u00e9 de r\u00e9daction international, il semblait justifi\u00e9 de conna\u00eetre la perception de l&#8217;\u00e9v\u00e9nement qu&#8217;en ont eue les Italiens, par Giovanni Fontana, les Espagnols, par Laura Yustas et Nelo Vilar, et les Mexicains, par Victor Mu\u00f1oz. Rappelons que les sorties dans les rues, les rassemblements un peu partout, de Berlin \u00e0 Tokyo, de Londres \u00e0 Mexico, ont impliqu\u00e9 des actions \u00ab alternatives \u00bb, que ce soit en regard de la lib\u00e9ration sexuelle ou de la critique des institutions et des diverses conventions de l&#8217;\u00e9poque. Le d\u00e9veloppement de pr\u00e9occupations tout autant \u00e9cologiques que f\u00e9ministes y est notamment pressenti\u2026<\/p>\n<p class=\"bodytext\">Plus pr\u00e8s de nous, Anithe de Carvalho t\u00e9moigne des contestations et propositions s&#8217;\u00e9tant tenues \u00e0 Montr\u00e9al \u00e0 cette \u00e9poque, et ce qu&#8217;elle consid\u00e8re comme une projection dans les derni\u00e8res g\u00e9n\u00e9rations. Un certain narcissisme semble aujourd&#8217;hui s&#8217;op\u00e9rer au lieu de l&#8217;habituelle question sociale avec ses principes d&#8217;intervention et d&#8217;application.<\/p>\n<p class=\"bodytext\">Avec Nathalie C\u00f4t\u00e9, nous nous apercevons aussi que \u00ab ces images qui font l&#8217;histoire \u00bb, ici les affiches de la contestation \u00e9tudiante de 2012 nomm\u00e9e \u00ab Printemps \u00e9rable \u00bb, ont puis\u00e9 dans le r\u00e9pertoire de celles produites lors de Mai 68, d&#8217;o\u00f9 la confirmation de leur importance dans le vocabulaire actif des contestations en tous genres. Les slogans de Mai 68 tels que \u00ab Sous les pav\u00e9s, la plage \u00bb illustrent \u00e0 quel point la dimension explosive du po\u00e9tique peut propulser la port\u00e9e politique des modifications exig\u00e9es dans les m\u00e9andres confus des engrenages sociaux.<\/p>\n<p class=\"bodytext\">Martin Nadeau nous rappelle \u00e0 juste titre la capacit\u00e9 \u00e9nerg\u00e9tique des id\u00e9es et applications des th\u00e9ories de l&#8217;Internationale Situationniste face \u00e0 la critique cybern\u00e9tique, d&#8217;autant plus actuelle que nous sommes aujourd&#8217;hui conditionn\u00e9s, presque \u00ab programm\u00e9s \u00bb.<\/p>\n<p class=\"bodytext\">Par de courtes interventions, Charles Dreyfus, Arnaud Labelle-Rojoux et Julien Blaine t\u00e9moignent de leur propre implication-r\u00e9ception dans l&#8217;univers d\u00e9mat\u00e9rialis\u00e9 des engrenages. Comme toujours, l&#8217;ambivalence des normes comme des cat\u00e9gories implique des motivations et des d\u00e9sirs, des irrigations et des transformations, un \u00e9ros dans la cacophonie des d\u00e9sordres o\u00f9 s&#8217;affirment certaines d\u00e9rogations.<\/p>\n<p class=\"bodytext\">Publi\u00e9 par les \u00c9ditions Intervention (confond\u00e9es par Richard Martel \u00e0 Qu\u00e9bec) trois fois par an depuis 1978, Inter, art actuel (anciennement Intervention) est un p\u00e9riodique culturel diss\u00e9minant les diverses formes, praxis et strat\u00e9gies de l&#8217;art actuel \u2013 performance, installation, po\u00e9sie, multim\u00e9dia \u2013, tout en interrogeant les rapports de l&#8217;art au social et au culturel, au politique et \u00e0 l&#8217;\u00e9thique.<\/p>\n<p class=\"bodytext\">Couvrant diff\u00e9rentes manifestations artistiques et mouvances politico-culturelles internationales, directement engag\u00e9 dans le renouvellement du discours sur les pratiques \u00e9ph\u00e9m\u00e8res et \u00e9mergentes, Inter, art actuel est une tribune qui invite artistes, critiques et penseurs de la culture \u00e0 prendre position (sous la forme d&#8217;essais courts, de critiques document\u00e9es et approfondies, de dossiers et de reportages, de chroniques et de comptes rendus) sur les enjeux qui touchent les pratiques de l&#8217;art actuel ou de tout domaine connexe, ainsi que sur les transformations de nos soci\u00e9t\u00e9s, du rituel au virtuel.<\/p>\n","protected":false},"excerpt":{"rendered":"<p>Auteurs: ouvrage collectif<br \/>\nEditeur: \u00c9ditions intervention (2018)<\/p>\n<p>Broch\u00e9: 84 pages<br \/>\nLangue: Fran\u00e7ais<br \/>\nISBN13: 978-2-924298-38-1<\/p>\n","protected":false},"featured_media":10765,"template":"","meta":[],"product_brand":[],"product_cat":[162,148,211],"product_tag":[],"class_list":{"0":"post-10766","1":"product","2":"type-product","3":"status-publish","4":"has-post-thumbnail","6":"product_cat-french-en","7":"product_cat-politics-en","8":"product_cat-magazines-en","10":"first","11":"outofstock","12":"taxable","13":"shipping-taxable","14":"purchasable","15":"product-type-simple"},"yoast_head":"<!-- This site is optimized with the Yoast SEO plugin v27.4 - https:\/\/yoast.com\/product\/yoast-seo-wordpress\/ -->\n<title>Inter, art actuel n\u00b0 129 \u2013 Mai 68 - Cinquante ans plus tard - Books on the Move<\/title>\n<meta name=\"robots\" content=\"index, follow, max-snippet:-1, max-image-preview:large, max-video-preview:-1\" \/>\n<link rel=\"canonical\" href=\"https:\/\/www.booksonthemove.fr\/en\/produit\/inter-art-actuel-n-129-mai-68-cinquante-ans-plus-tard\/\" \/>\n<meta property=\"og:locale\" content=\"en_US\" \/>\n<meta property=\"og:type\" content=\"article\" \/>\n<meta property=\"og:title\" content=\"Inter, art actuel n\u00b0 129 \u2013 Mai 68 - Cinquante ans plus tard - Books on the Move\" \/>\n<meta property=\"og:description\" content=\"Auteurs: ouvrage collectif Editeur: \u00c9ditions intervention (2018)  Broch\u00e9: 84 pages Langue: Fran\u00e7ais ISBN13: 978-2-924298-38-1\" \/>\n<meta property=\"og:url\" content=\"https:\/\/www.booksonthemove.fr\/en\/produit\/inter-art-actuel-n-129-mai-68-cinquante-ans-plus-tard\/\" \/>\n<meta property=\"og:site_name\" content=\"Books on the Move\" \/>\n<meta property=\"article:publisher\" content=\"https:\/\/www.facebook.com\/Librairiebooksonthemove\/\" \/>\n<meta property=\"article:modified_time\" content=\"2022-11-15T18:23:55+00:00\" \/>\n<meta property=\"og:image\" content=\"https:\/\/www.booksonthemove.fr\/media\/bom_1970.jpg\" \/>\n\t<meta property=\"og:image:width\" content=\"450\" \/>\n\t<meta property=\"og:image:height\" content=\"602\" \/>\n\t<meta property=\"og:image:type\" content=\"image\/jpeg\" \/>\n<meta name=\"twitter:card\" content=\"summary_large_image\" \/>\n<script type=\"application\/ld+json\" class=\"yoast-schema-graph\">{\"@context\":\"https:\\\/\\\/schema.org\",\"@graph\":[{\"@type\":\"WebPage\",\"@id\":\"https:\\\/\\\/www.booksonthemove.fr\\\/en\\\/produit\\\/inter-art-actuel-n-129-mai-68-cinquante-ans-plus-tard\\\/\",\"url\":\"https:\\\/\\\/www.booksonthemove.fr\\\/en\\\/produit\\\/inter-art-actuel-n-129-mai-68-cinquante-ans-plus-tard\\\/\",\"name\":\"Inter, art actuel n\u00b0 129 \u2013 Mai 68 - Cinquante ans plus tard - Books on the Move\",\"isPartOf\":{\"@id\":\"https:\\\/\\\/www.booksonthemove.fr\\\/#website\"},\"primaryImageOfPage\":{\"@id\":\"https:\\\/\\\/www.booksonthemove.fr\\\/en\\\/produit\\\/inter-art-actuel-n-129-mai-68-cinquante-ans-plus-tard\\\/#primaryimage\"},\"image\":{\"@id\":\"https:\\\/\\\/www.booksonthemove.fr\\\/en\\\/produit\\\/inter-art-actuel-n-129-mai-68-cinquante-ans-plus-tard\\\/#primaryimage\"},\"thumbnailUrl\":\"https:\\\/\\\/www.booksonthemove.fr\\\/media\\\/bom_1970.jpg\",\"datePublished\":\"2019-12-22T16:16:54+00:00\",\"dateModified\":\"2022-11-15T18:23:55+00:00\",\"breadcrumb\":{\"@id\":\"https:\\\/\\\/www.booksonthemove.fr\\\/en\\\/produit\\\/inter-art-actuel-n-129-mai-68-cinquante-ans-plus-tard\\\/#breadcrumb\"},\"inLanguage\":\"en-US\",\"potentialAction\":[{\"@type\":\"ReadAction\",\"target\":[\"https:\\\/\\\/www.booksonthemove.fr\\\/en\\\/produit\\\/inter-art-actuel-n-129-mai-68-cinquante-ans-plus-tard\\\/\"]}]},{\"@type\":\"ImageObject\",\"inLanguage\":\"en-US\",\"@id\":\"https:\\\/\\\/www.booksonthemove.fr\\\/en\\\/produit\\\/inter-art-actuel-n-129-mai-68-cinquante-ans-plus-tard\\\/#primaryimage\",\"url\":\"https:\\\/\\\/www.booksonthemove.fr\\\/media\\\/bom_1970.jpg\",\"contentUrl\":\"https:\\\/\\\/www.booksonthemove.fr\\\/media\\\/bom_1970.jpg\",\"width\":450,\"height\":602},{\"@type\":\"BreadcrumbList\",\"@id\":\"https:\\\/\\\/www.booksonthemove.fr\\\/en\\\/produit\\\/inter-art-actuel-n-129-mai-68-cinquante-ans-plus-tard\\\/#breadcrumb\",\"itemListElement\":[{\"@type\":\"ListItem\",\"position\":1,\"name\":\"Accueil\",\"item\":\"https:\\\/\\\/www.booksonthemove.fr\\\/en\\\/\"},{\"@type\":\"ListItem\",\"position\":2,\"name\":\"online store\",\"item\":\"https:\\\/\\\/www.booksonthemove.fr\\\/en\\\/online-shop\\\/\"},{\"@type\":\"ListItem\",\"position\":3,\"name\":\"Inter, art actuel n\u00b0 129 \u2013 Mai 68 &#8211; Cinquante ans plus tard\"}]},{\"@type\":\"WebSite\",\"@id\":\"https:\\\/\\\/www.booksonthemove.fr\\\/#website\",\"url\":\"https:\\\/\\\/www.booksonthemove.fr\\\/\",\"name\":\"Books on the Move\",\"description\":\"librairie nomade - danse - mouvement - performance\",\"publisher\":{\"@id\":\"https:\\\/\\\/www.booksonthemove.fr\\\/#organization\"},\"potentialAction\":[{\"@type\":\"SearchAction\",\"target\":{\"@type\":\"EntryPoint\",\"urlTemplate\":\"https:\\\/\\\/www.booksonthemove.fr\\\/?s={search_term_string}\"},\"query-input\":{\"@type\":\"PropertyValueSpecification\",\"valueRequired\":true,\"valueName\":\"search_term_string\"}}],\"inLanguage\":\"en-US\"},{\"@type\":\"Organization\",\"@id\":\"https:\\\/\\\/www.booksonthemove.fr\\\/#organization\",\"name\":\"Books on the Move\",\"url\":\"https:\\\/\\\/www.booksonthemove.fr\\\/\",\"logo\":{\"@type\":\"ImageObject\",\"inLanguage\":\"en-US\",\"@id\":\"https:\\\/\\\/www.booksonthemove.fr\\\/#\\\/schema\\\/logo\\\/image\\\/\",\"url\":\"https:\\\/\\\/www.booksonthemove.fr\\\/media\\\/logo-NB-400.jpg\",\"contentUrl\":\"https:\\\/\\\/www.booksonthemove.fr\\\/media\\\/logo-NB-400.jpg\",\"width\":400,\"height\":143,\"caption\":\"Books on the Move\"},\"image\":{\"@id\":\"https:\\\/\\\/www.booksonthemove.fr\\\/#\\\/schema\\\/logo\\\/image\\\/\"},\"sameAs\":[\"https:\\\/\\\/www.facebook.com\\\/Librairiebooksonthemove\\\/\"]}]}<\/script>\n<!-- \/ Yoast SEO plugin. -->","yoast_head_json":{"title":"Inter, art actuel n\u00b0 129 \u2013 Mai 68 - Cinquante ans plus tard - Books on the Move","robots":{"index":"index","follow":"follow","max-snippet":"max-snippet:-1","max-image-preview":"max-image-preview:large","max-video-preview":"max-video-preview:-1"},"canonical":"https:\/\/www.booksonthemove.fr\/en\/produit\/inter-art-actuel-n-129-mai-68-cinquante-ans-plus-tard\/","og_locale":"en_US","og_type":"article","og_title":"Inter, art actuel n\u00b0 129 \u2013 Mai 68 - Cinquante ans plus tard - Books on the Move","og_description":"Auteurs: ouvrage collectif Editeur: \u00c9ditions intervention (2018)  Broch\u00e9: 84 pages Langue: Fran\u00e7ais ISBN13: 978-2-924298-38-1","og_url":"https:\/\/www.booksonthemove.fr\/en\/produit\/inter-art-actuel-n-129-mai-68-cinquante-ans-plus-tard\/","og_site_name":"Books on the Move","article_publisher":"https:\/\/www.facebook.com\/Librairiebooksonthemove\/","article_modified_time":"2022-11-15T18:23:55+00:00","og_image":[{"width":450,"height":602,"url":"https:\/\/www.booksonthemove.fr\/media\/bom_1970.jpg","type":"image\/jpeg"}],"twitter_card":"summary_large_image","schema":{"@context":"https:\/\/schema.org","@graph":[{"@type":"WebPage","@id":"https:\/\/www.booksonthemove.fr\/en\/produit\/inter-art-actuel-n-129-mai-68-cinquante-ans-plus-tard\/","url":"https:\/\/www.booksonthemove.fr\/en\/produit\/inter-art-actuel-n-129-mai-68-cinquante-ans-plus-tard\/","name":"Inter, art actuel n\u00b0 129 \u2013 Mai 68 - Cinquante ans plus tard - Books on the Move","isPartOf":{"@id":"https:\/\/www.booksonthemove.fr\/#website"},"primaryImageOfPage":{"@id":"https:\/\/www.booksonthemove.fr\/en\/produit\/inter-art-actuel-n-129-mai-68-cinquante-ans-plus-tard\/#primaryimage"},"image":{"@id":"https:\/\/www.booksonthemove.fr\/en\/produit\/inter-art-actuel-n-129-mai-68-cinquante-ans-plus-tard\/#primaryimage"},"thumbnailUrl":"https:\/\/www.booksonthemove.fr\/media\/bom_1970.jpg","datePublished":"2019-12-22T16:16:54+00:00","dateModified":"2022-11-15T18:23:55+00:00","breadcrumb":{"@id":"https:\/\/www.booksonthemove.fr\/en\/produit\/inter-art-actuel-n-129-mai-68-cinquante-ans-plus-tard\/#breadcrumb"},"inLanguage":"en-US","potentialAction":[{"@type":"ReadAction","target":["https:\/\/www.booksonthemove.fr\/en\/produit\/inter-art-actuel-n-129-mai-68-cinquante-ans-plus-tard\/"]}]},{"@type":"ImageObject","inLanguage":"en-US","@id":"https:\/\/www.booksonthemove.fr\/en\/produit\/inter-art-actuel-n-129-mai-68-cinquante-ans-plus-tard\/#primaryimage","url":"https:\/\/www.booksonthemove.fr\/media\/bom_1970.jpg","contentUrl":"https:\/\/www.booksonthemove.fr\/media\/bom_1970.jpg","width":450,"height":602},{"@type":"BreadcrumbList","@id":"https:\/\/www.booksonthemove.fr\/en\/produit\/inter-art-actuel-n-129-mai-68-cinquante-ans-plus-tard\/#breadcrumb","itemListElement":[{"@type":"ListItem","position":1,"name":"Accueil","item":"https:\/\/www.booksonthemove.fr\/en\/"},{"@type":"ListItem","position":2,"name":"online store","item":"https:\/\/www.booksonthemove.fr\/en\/online-shop\/"},{"@type":"ListItem","position":3,"name":"Inter, art actuel n\u00b0 129 \u2013 Mai 68 &#8211; Cinquante ans plus tard"}]},{"@type":"WebSite","@id":"https:\/\/www.booksonthemove.fr\/#website","url":"https:\/\/www.booksonthemove.fr\/","name":"Books on the Move","description":"librairie nomade - danse - mouvement - performance","publisher":{"@id":"https:\/\/www.booksonthemove.fr\/#organization"},"potentialAction":[{"@type":"SearchAction","target":{"@type":"EntryPoint","urlTemplate":"https:\/\/www.booksonthemove.fr\/?s={search_term_string}"},"query-input":{"@type":"PropertyValueSpecification","valueRequired":true,"valueName":"search_term_string"}}],"inLanguage":"en-US"},{"@type":"Organization","@id":"https:\/\/www.booksonthemove.fr\/#organization","name":"Books on the Move","url":"https:\/\/www.booksonthemove.fr\/","logo":{"@type":"ImageObject","inLanguage":"en-US","@id":"https:\/\/www.booksonthemove.fr\/#\/schema\/logo\/image\/","url":"https:\/\/www.booksonthemove.fr\/media\/logo-NB-400.jpg","contentUrl":"https:\/\/www.booksonthemove.fr\/media\/logo-NB-400.jpg","width":400,"height":143,"caption":"Books on the Move"},"image":{"@id":"https:\/\/www.booksonthemove.fr\/#\/schema\/logo\/image\/"},"sameAs":["https:\/\/www.facebook.com\/Librairiebooksonthemove\/"]}]}},"_links":{"self":[{"href":"https:\/\/www.booksonthemove.fr\/en\/wp-json\/wp\/v2\/product\/10766","targetHints":{"allow":["GET"]}}],"collection":[{"href":"https:\/\/www.booksonthemove.fr\/en\/wp-json\/wp\/v2\/product"}],"about":[{"href":"https:\/\/www.booksonthemove.fr\/en\/wp-json\/wp\/v2\/types\/product"}],"wp:featuredmedia":[{"embeddable":true,"href":"https:\/\/www.booksonthemove.fr\/en\/wp-json\/wp\/v2\/media\/10765"}],"wp:attachment":[{"href":"https:\/\/www.booksonthemove.fr\/en\/wp-json\/wp\/v2\/media?parent=10766"}],"wp:term":[{"taxonomy":"product_brand","embeddable":true,"href":"https:\/\/www.booksonthemove.fr\/en\/wp-json\/wp\/v2\/product_brand?post=10766"},{"taxonomy":"product_cat","embeddable":true,"href":"https:\/\/www.booksonthemove.fr\/en\/wp-json\/wp\/v2\/product_cat?post=10766"},{"taxonomy":"product_tag","embeddable":true,"href":"https:\/\/www.booksonthemove.fr\/en\/wp-json\/wp\/v2\/product_tag?post=10766"}],"curies":[{"name":"wp","href":"https:\/\/api.w.org\/{rel}","templated":true}]}}