{"id":2773,"date":"2016-08-28T11:15:58","date_gmt":"2016-08-28T09:15:58","guid":{"rendered":"https:\/\/www.booksonthemove.fr\/en\/product\/danse-handicap-visuel\/"},"modified":"2025-05-27T14:58:48","modified_gmt":"2025-05-27T12:58:48","slug":"danse-handicap-visuel","status":"publish","type":"product","link":"https:\/\/www.booksonthemove.fr\/en\/produit\/danse-handicap-visuel\/","title":{"rendered":"Danse &#038; handicap visuel"},"content":{"rendered":"<p>Un m\u00e9mento pratique consacr\u00e9 \u00e0 la question du handicap visuel, outil pr\u00e9cieux pour tous les enseignants et professionnels de la danse.<\/p>\n<p>Con\u00e7u comme un m\u00e9mento pratique, cet ouvrage a pour objectif d\u2019accompagner les enseignants et les professionnels de la danse dans une d\u00e9marche d\u2019accessibilit\u00e9 pour les personnes handicap\u00e9es visuelles : acc\u00e8s aux oeuvres, au patrimoine chor\u00e9graphique, \u00e0 la pratique de la danse dans toute sa diversit\u00e9. Nourri de l\u2019exp\u00e9rience d\u2019acteurs du milieu chor\u00e9graphique, il pr\u00e9sente des approches p\u00e9dagogiques adapt\u00e9es, des savoir-faire, des exemples de bonnes pratiques, des organismes ressources et des publications de r\u00e9f\u00e9rence&#8230;<\/p>\n<p>Il inaugure une s\u00e9rie de cinq fascicules dont le contenu sera adapt\u00e9 \u00e0 chaque handicap : Danse et handicap visuel (2014), Danse et handicap auditif (2014), Danse et handicap moteur (2014), Danse et handicap mental et psychique (2015), Danse et polyhandicap (2015).<\/p>\n<p>Ce manuel sera un outil pr\u00e9cieux pour tous les professionnels de la danse impliqu\u00e9s dans la mise en \u0153uvre de la loi du 11 f\u00e9vrier 2005 pour &#8216; l\u2019\u00e9galit\u00e9 des droits et des chances, la participation et la citoyennet\u00e9 des personnes handicap\u00e9es &#8216; et la convention de l\u2019Onu relative aux droits des personnes handicap\u00e9es (2006).<\/p>\n<p>Cemaforre a pour but de d\u00e9velopper et de promouvoir l\u2019acc\u00e8s aux loisirs et \u00e0 la culture pour tous, et tout particuli\u00e8rement pour les personnes en difficult\u00e9 pour des raisons de sant\u00e9 ou de handicap (moteur, sensoriel, psychique ou mental). Elle est Centre national de ressources pour l\u2019accessibilit\u00e9 des loisirs et de la culture, et est soutenue par les minist\u00e8res de la Culture et de la Communication, de la Sant\u00e9 et des Solidarit\u00e9s. Port\u00e9 par Cemaforre, ce m\u00e9mento est le fruit d\u2019un travail collectif men\u00e9 par une commission compos\u00e9e de professionnels de la danse et de la culture.<\/p>\n","protected":false},"excerpt":{"rendered":"<p><b>Auteur: <\/b> Andr\u00e9 Fertier pour Cemaforre-P\u00f4le europ\u00e9en de l&#8217;accessibilit\u00e9 culturelle<br \/>\n<strong>Editeurs:<\/strong> Centre national de la danse, Cemaforre (2014)<\/p>\n<p><strong>Broch\u00e9:<\/strong> 80 pages<br \/>\n<b>Langue: <\/b>Fran\u00e7ais<br \/>\n<strong>ISBN13:<\/strong> 978 2 9141 24 50 8<\/p>\n","protected":false},"featured_media":2417,"template":"","meta":[],"product_brand":[],"product_cat":[330],"product_tag":[],"class_list":["post-2773","product","type-product","status-publish","has-post-thumbnail","product_cat-non-classe","first","instock","purchasable","product-type-simple"],"yoast_head":"<!-- This site is optimized with the Yoast SEO plugin v28.3 - https:\/\/yoast.com\/product\/yoast-seo-wordpress\/ -->\n<title>Danse &amp; handicap visuel - Books on the Move<\/title>\n<meta name=\"robots\" content=\"index, follow, max-snippet:-1, max-image-preview:large, max-video-preview:-1\" \/>\n<link rel=\"canonical\" href=\"https:\/\/www.booksonthemove.fr\/produit\/danse-handicap-visuel\/\" \/>\n<meta property=\"og:locale\" content=\"en_US\" \/>\n<meta property=\"og:type\" content=\"article\" \/>\n<meta property=\"og:title\" content=\"Danse &amp; handicap visuel - Books on the Move\" \/>\n<meta property=\"og:description\" content=\"Auteur: Andr\u00e9 Fertier pour Cemaforre-P\u00f4le europ\u00e9en de l&#039;accessibilit\u00e9 culturelle Editeurs: Centre national de la danse, Cemaforre (2014)  Broch\u00e9: 80 pages Langue: Fran\u00e7ais ISBN13: 978 2 9141 24 50 8\" \/>\n<meta property=\"og:url\" content=\"https:\/\/www.booksonthemove.fr\/produit\/danse-handicap-visuel\/\" \/>\n<meta property=\"og:site_name\" content=\"Books on the Move\" \/>\n<meta property=\"article:publisher\" content=\"https:\/\/www.facebook.com\/Librairiebooksonthemove\/\" \/>\n<meta property=\"article:modified_time\" content=\"2025-05-27T12:58:48+00:00\" \/>\n<meta property=\"og:image\" content=\"https:\/\/www.booksonthemove.fr\/media\/bom_1388_0.jpg\" \/>\n\t<meta property=\"og:image:width\" content=\"900\" \/>\n\t<meta property=\"og:image:height\" content=\"1290\" \/>\n\t<meta property=\"og:image:type\" content=\"image\/jpeg\" \/>\n<meta name=\"twitter:card\" content=\"summary_large_image\" \/>\n<script type=\"application\/ld+json\" class=\"yoast-schema-graph\">{\"@context\":\"https:\\\/\\\/schema.org\",\"@graph\":[{\"@type\":\"WebPage\",\"@id\":\"https:\\\/\\\/www.booksonthemove.fr\\\/produit\\\/danse-handicap-visuel\\\/\",\"url\":\"https:\\\/\\\/www.booksonthemove.fr\\\/produit\\\/danse-handicap-visuel\\\/\",\"name\":\"Danse & handicap visuel - Books on the Move\",\"isPartOf\":{\"@id\":\"https:\\\/\\\/www.booksonthemove.fr\\\/#website\"},\"primaryImageOfPage\":{\"@id\":\"https:\\\/\\\/www.booksonthemove.fr\\\/produit\\\/danse-handicap-visuel\\\/#primaryimage\"},\"image\":{\"@id\":\"https:\\\/\\\/www.booksonthemove.fr\\\/produit\\\/danse-handicap-visuel\\\/#primaryimage\"},\"thumbnailUrl\":\"https:\\\/\\\/www.booksonthemove.fr\\\/media\\\/bom_1388_0.jpg\",\"datePublished\":\"2016-08-28T09:15:58+00:00\",\"dateModified\":\"2025-05-27T12:58:48+00:00\",\"breadcrumb\":{\"@id\":\"https:\\\/\\\/www.booksonthemove.fr\\\/produit\\\/danse-handicap-visuel\\\/#breadcrumb\"},\"inLanguage\":\"en-US\",\"potentialAction\":[{\"@type\":\"ReadAction\",\"target\":[\"https:\\\/\\\/www.booksonthemove.fr\\\/produit\\\/danse-handicap-visuel\\\/\"]}]},{\"@type\":\"ImageObject\",\"inLanguage\":\"en-US\",\"@id\":\"https:\\\/\\\/www.booksonthemove.fr\\\/produit\\\/danse-handicap-visuel\\\/#primaryimage\",\"url\":\"https:\\\/\\\/www.booksonthemove.fr\\\/media\\\/bom_1388_0.jpg\",\"contentUrl\":\"https:\\\/\\\/www.booksonthemove.fr\\\/media\\\/bom_1388_0.jpg\",\"width\":900,\"height\":1290},{\"@type\":\"BreadcrumbList\",\"@id\":\"https:\\\/\\\/www.booksonthemove.fr\\\/produit\\\/danse-handicap-visuel\\\/#breadcrumb\",\"itemListElement\":[{\"@type\":\"ListItem\",\"position\":1,\"name\":\"Accueil\",\"item\":\"https:\\\/\\\/www.booksonthemove.fr\\\/en\\\/\"},{\"@type\":\"ListItem\",\"position\":2,\"name\":\"online store\",\"item\":\"https:\\\/\\\/www.booksonthemove.fr\\\/en\\\/online-shop\\\/\"},{\"@type\":\"ListItem\",\"position\":3,\"name\":\"Danse &#038; handicap visuel\"}]},{\"@type\":\"WebSite\",\"@id\":\"https:\\\/\\\/www.booksonthemove.fr\\\/#website\",\"url\":\"https:\\\/\\\/www.booksonthemove.fr\\\/\",\"name\":\"Books on the Move\",\"description\":\"librairie nomade - danse - mouvement - performance\",\"publisher\":{\"@id\":\"https:\\\/\\\/www.booksonthemove.fr\\\/#organization\"},\"potentialAction\":[{\"@type\":\"SearchAction\",\"target\":{\"@type\":\"EntryPoint\",\"urlTemplate\":\"https:\\\/\\\/www.booksonthemove.fr\\\/?s={search_term_string}\"},\"query-input\":{\"@type\":\"PropertyValueSpecification\",\"valueRequired\":true,\"valueName\":\"search_term_string\"}}],\"inLanguage\":\"en-US\"},{\"@type\":\"Organization\",\"@id\":\"https:\\\/\\\/www.booksonthemove.fr\\\/#organization\",\"name\":\"Books on the Move\",\"url\":\"https:\\\/\\\/www.booksonthemove.fr\\\/\",\"logo\":{\"@type\":\"ImageObject\",\"inLanguage\":\"en-US\",\"@id\":\"https:\\\/\\\/www.booksonthemove.fr\\\/#\\\/schema\\\/logo\\\/image\\\/\",\"url\":\"https:\\\/\\\/www.booksonthemove.fr\\\/media\\\/logo-NB-400.jpg\",\"contentUrl\":\"https:\\\/\\\/www.booksonthemove.fr\\\/media\\\/logo-NB-400.jpg\",\"width\":400,\"height\":143,\"caption\":\"Books on the Move\"},\"image\":{\"@id\":\"https:\\\/\\\/www.booksonthemove.fr\\\/#\\\/schema\\\/logo\\\/image\\\/\"},\"sameAs\":[\"https:\\\/\\\/www.facebook.com\\\/Librairiebooksonthemove\\\/\"]}]}<\/script>\n<!-- \/ Yoast SEO plugin. -->","yoast_head_json":{"title":"Danse & handicap visuel - Books on the Move","robots":{"index":"index","follow":"follow","max-snippet":"max-snippet:-1","max-image-preview":"max-image-preview:large","max-video-preview":"max-video-preview:-1"},"canonical":"https:\/\/www.booksonthemove.fr\/produit\/danse-handicap-visuel\/","og_locale":"en_US","og_type":"article","og_title":"Danse & handicap visuel - Books on the Move","og_description":"Auteur: Andr\u00e9 Fertier pour Cemaforre-P\u00f4le europ\u00e9en de l'accessibilit\u00e9 culturelle Editeurs: Centre national de la danse, Cemaforre (2014)  Broch\u00e9: 80 pages Langue: Fran\u00e7ais ISBN13: 978 2 9141 24 50 8","og_url":"https:\/\/www.booksonthemove.fr\/produit\/danse-handicap-visuel\/","og_site_name":"Books on the Move","article_publisher":"https:\/\/www.facebook.com\/Librairiebooksonthemove\/","article_modified_time":"2025-05-27T12:58:48+00:00","og_image":[{"width":900,"height":1290,"url":"https:\/\/www.booksonthemove.fr\/media\/bom_1388_0.jpg","type":"image\/jpeg"}],"twitter_card":"summary_large_image","schema":{"@context":"https:\/\/schema.org","@graph":[{"@type":"WebPage","@id":"https:\/\/www.booksonthemove.fr\/produit\/danse-handicap-visuel\/","url":"https:\/\/www.booksonthemove.fr\/produit\/danse-handicap-visuel\/","name":"Danse & handicap visuel - Books on the Move","isPartOf":{"@id":"https:\/\/www.booksonthemove.fr\/#website"},"primaryImageOfPage":{"@id":"https:\/\/www.booksonthemove.fr\/produit\/danse-handicap-visuel\/#primaryimage"},"image":{"@id":"https:\/\/www.booksonthemove.fr\/produit\/danse-handicap-visuel\/#primaryimage"},"thumbnailUrl":"https:\/\/www.booksonthemove.fr\/media\/bom_1388_0.jpg","datePublished":"2016-08-28T09:15:58+00:00","dateModified":"2025-05-27T12:58:48+00:00","breadcrumb":{"@id":"https:\/\/www.booksonthemove.fr\/produit\/danse-handicap-visuel\/#breadcrumb"},"inLanguage":"en-US","potentialAction":[{"@type":"ReadAction","target":["https:\/\/www.booksonthemove.fr\/produit\/danse-handicap-visuel\/"]}]},{"@type":"ImageObject","inLanguage":"en-US","@id":"https:\/\/www.booksonthemove.fr\/produit\/danse-handicap-visuel\/#primaryimage","url":"https:\/\/www.booksonthemove.fr\/media\/bom_1388_0.jpg","contentUrl":"https:\/\/www.booksonthemove.fr\/media\/bom_1388_0.jpg","width":900,"height":1290},{"@type":"BreadcrumbList","@id":"https:\/\/www.booksonthemove.fr\/produit\/danse-handicap-visuel\/#breadcrumb","itemListElement":[{"@type":"ListItem","position":1,"name":"Accueil","item":"https:\/\/www.booksonthemove.fr\/en\/"},{"@type":"ListItem","position":2,"name":"online store","item":"https:\/\/www.booksonthemove.fr\/en\/online-shop\/"},{"@type":"ListItem","position":3,"name":"Danse &#038; handicap visuel"}]},{"@type":"WebSite","@id":"https:\/\/www.booksonthemove.fr\/#website","url":"https:\/\/www.booksonthemove.fr\/","name":"Books on the Move","description":"librairie nomade - danse - mouvement - performance","publisher":{"@id":"https:\/\/www.booksonthemove.fr\/#organization"},"potentialAction":[{"@type":"SearchAction","target":{"@type":"EntryPoint","urlTemplate":"https:\/\/www.booksonthemove.fr\/?s={search_term_string}"},"query-input":{"@type":"PropertyValueSpecification","valueRequired":true,"valueName":"search_term_string"}}],"inLanguage":"en-US"},{"@type":"Organization","@id":"https:\/\/www.booksonthemove.fr\/#organization","name":"Books on the Move","url":"https:\/\/www.booksonthemove.fr\/","logo":{"@type":"ImageObject","inLanguage":"en-US","@id":"https:\/\/www.booksonthemove.fr\/#\/schema\/logo\/image\/","url":"https:\/\/www.booksonthemove.fr\/media\/logo-NB-400.jpg","contentUrl":"https:\/\/www.booksonthemove.fr\/media\/logo-NB-400.jpg","width":400,"height":143,"caption":"Books on the Move"},"image":{"@id":"https:\/\/www.booksonthemove.fr\/#\/schema\/logo\/image\/"},"sameAs":["https:\/\/www.facebook.com\/Librairiebooksonthemove\/"]}]}},"_links":{"self":[{"href":"https:\/\/www.booksonthemove.fr\/en\/wp-json\/wp\/v2\/product\/2773","targetHints":{"allow":["GET"]}}],"collection":[{"href":"https:\/\/www.booksonthemove.fr\/en\/wp-json\/wp\/v2\/product"}],"about":[{"href":"https:\/\/www.booksonthemove.fr\/en\/wp-json\/wp\/v2\/types\/product"}],"wp:featuredmedia":[{"embeddable":true,"href":"https:\/\/www.booksonthemove.fr\/en\/wp-json\/wp\/v2\/media\/2417"}],"wp:attachment":[{"href":"https:\/\/www.booksonthemove.fr\/en\/wp-json\/wp\/v2\/media?parent=2773"}],"wp:term":[{"taxonomy":"product_brand","embeddable":true,"href":"https:\/\/www.booksonthemove.fr\/en\/wp-json\/wp\/v2\/product_brand?post=2773"},{"taxonomy":"product_cat","embeddable":true,"href":"https:\/\/www.booksonthemove.fr\/en\/wp-json\/wp\/v2\/product_cat?post=2773"},{"taxonomy":"product_tag","embeddable":true,"href":"https:\/\/www.booksonthemove.fr\/en\/wp-json\/wp\/v2\/product_tag?post=2773"}],"curies":[{"name":"wp","href":"https:\/\/api.w.org\/{rel}","templated":true}]}}