{"id":2840,"date":"2016-08-28T01:19:38","date_gmt":"2016-08-27T23:19:38","guid":{"rendered":"https:\/\/www.booksonthemove.fr\/en\/product\/daniel-larrieu-memento-1982-2012\/"},"modified":"2025-05-18T22:48:52","modified_gmt":"2025-05-18T20:48:52","slug":"daniel-larrieu-memento-1982-2012","status":"publish","type":"product","link":"https:\/\/www.booksonthemove.fr\/en\/produit\/daniel-larrieu-memento-1982-2012\/","title":{"rendered":"Daniel Larrieu: Memento 1982 &#8211; 2012"},"content":{"rendered":"<p>Cet ouvrage, consacr\u00e9 \u00e0 la carri\u00e8re et \u00e0 l\u2019oeuvre de Daniel Larrieu, nous d\u00e9voile un travail chor\u00e9graphique majeur, qui s\u2019inscrit dans l\u2019histoire de la danse contemporaine depuis trente ans. D\u00e8s les ann\u00e9es 1980, ce danseur et chor\u00e9graphe fran\u00e7ais est l\u2019un des initiateurs de ce qu\u2019il est convenu d\u2019appeler &#8216;la nouvelle danse fran\u00e7aise&#8217;. Aujourd\u2019hui, sa recherche se poursuit et son oeuvre compte une centaine de pi\u00e8ces.<\/p>\n<p>D\u2019abord danseur, puis chor\u00e9graphe, Daniel Larrieu souhaite tr\u00e8s t\u00f4t d\u00e9cloisonner son travail de mani\u00e8re \u00e0 lui assurer une ampleur maximale. C\u2019est ainsi qu\u2019il explore plusieurs chemins de cr\u00e9ation originaux \u00e0 la fois pour la danse et pour l\u2019op\u00e9ra, que ce soit dans des formes \u00e9pur\u00e9es, voire minimalistes, mais aussi baroques et complexes, ne s\u2019enfermant jamais dans une \u00e9cole ou une direction.<\/p>\n<p>Cet album fait avant tout appel \u00e0 la m\u00e9moire du chor\u00e9graphe qui, \u00e0 travers des textes de sa composition \u2013 une cinquantaine de l\u00e9gendes se rattachant directement aux pi\u00e8ces illustr\u00e9es dans l\u2019ouvrage \u2013, fait partager au lecteur des moments de cr\u00e9ation dont il devient le t\u00e9moin. On p\u00e9n\u00e8tre ainsi dans les coulisses de la cr\u00e9ation pour en d\u00e9couvrir les diverses inspirations, les moteurs, l\u2019\u00e9volution et l\u2019aboutissement. Ces \u201cl\u00e9gendes\u201d, qui donnent leur titre au livre, sont des instants d\u2019intimit\u00e9 dans lesquels Daniel Larrieu se livre au lecteur, comme il le fait par ailleurs avec les spectateurs de ses pi\u00e8ces. Au travers des textes et des documents (photographies, maquettes, costumes\u2026), Daniel Larrieu pr\u00e9sente \u00e9galement ses collaborateurs (Corinne Mercadier, Quentin Bertoux, William Forsythe\u2026), faisant revivre toute une \u00e9poque de la cr\u00e9ation chor\u00e9graphique.<\/p>\n<p>De mani\u00e8re \u00e0 compl\u00e9ter ces \u201cl\u00e9gendes\u201d, qui constituent l\u2019armature de l\u2019ouvrage, Daniel Larrieu dialogue avec Ir\u00e8ne Filiberti dans un long entretien qui permet de circuler dans cet univers de cr\u00e9ation. Ainsi, cet ouvrage est exemplaire par sa volont\u00e9 de transmettre au public la m\u00e9moire p\u00e9renne d\u2019un travail men\u00e9 sans rel\u00e2che par l\u2019un des chor\u00e9graphes les plus atypiques et les plus prolifiques de sa g\u00e9n\u00e9ration.<\/p>\n","protected":false},"excerpt":{"rendered":"<p><b>Auteurs:<\/b> Daniel Larrieu et Ir\u00e8ne Filiberti<br \/>\n<b>Editeur: <\/b>Actes Sud (2014)<\/p>\n<p><strong>Broch\u00e9:<\/strong> 304 pages<br \/>\n<b>Langue: <\/b>Fran\u00e7ais<br \/>\n<strong>ISBN13<\/strong>: 978-2-330-03418-4<\/p>\n","protected":false},"featured_media":1332,"template":"","meta":[],"product_brand":[],"product_cat":[240,149,162,163,169,296,170,205,139],"product_tag":[],"class_list":{"0":"post-2840","1":"product","2":"type-product","3":"status-publish","4":"has-post-thumbnail","6":"product_cat-choreography-en","7":"product_cat-contemporary-dance-en","8":"product_cat-french-en","9":"product_cat-france-en","10":"product_cat-interviews-conversations-en","11":"product_cat-nice-big-books","12":"product_cat-artists-career-en","13":"product_cat-photography-en","14":"product_cat-work-process-en","16":"first","17":"instock","18":"purchasable","19":"product-type-simple"},"yoast_head":"<!-- This site is optimized with the Yoast SEO plugin v27.4 - https:\/\/yoast.com\/product\/yoast-seo-wordpress\/ -->\n<title>Daniel Larrieu: Memento 1982 - 2012 - Books on the Move<\/title>\n<meta name=\"robots\" content=\"index, follow, max-snippet:-1, max-image-preview:large, max-video-preview:-1\" \/>\n<link rel=\"canonical\" href=\"https:\/\/www.booksonthemove.fr\/produit\/daniel-larrieu-memento-1982-2012\/\" \/>\n<meta property=\"og:locale\" content=\"en_US\" \/>\n<meta property=\"og:type\" content=\"article\" \/>\n<meta property=\"og:title\" content=\"Daniel Larrieu: Memento 1982 - 2012 - Books on the Move\" \/>\n<meta property=\"og:description\" content=\"Auteurs: Daniel Larrieu et Ir\u00e8ne Filiberti Editeur: Actes Sud (2014)  Broch\u00e9: 304 pages Langue: Fran\u00e7ais ISBN13: 978-2-330-03418-4\" \/>\n<meta property=\"og:url\" content=\"https:\/\/www.booksonthemove.fr\/produit\/daniel-larrieu-memento-1982-2012\/\" \/>\n<meta property=\"og:site_name\" content=\"Books on the Move\" \/>\n<meta property=\"article:publisher\" content=\"https:\/\/www.facebook.com\/Librairiebooksonthemove\/\" \/>\n<meta property=\"article:modified_time\" content=\"2025-05-18T20:48:52+00:00\" \/>\n<meta property=\"og:image\" content=\"https:\/\/www.booksonthemove.fr\/media\/bom_1288_0.jpg\" \/>\n\t<meta property=\"og:image:width\" content=\"900\" \/>\n\t<meta property=\"og:image:height\" content=\"1200\" \/>\n\t<meta property=\"og:image:type\" content=\"image\/jpeg\" \/>\n<meta name=\"twitter:card\" content=\"summary_large_image\" \/>\n<script type=\"application\/ld+json\" class=\"yoast-schema-graph\">{\"@context\":\"https:\\\/\\\/schema.org\",\"@graph\":[{\"@type\":\"WebPage\",\"@id\":\"https:\\\/\\\/www.booksonthemove.fr\\\/produit\\\/daniel-larrieu-memento-1982-2012\\\/\",\"url\":\"https:\\\/\\\/www.booksonthemove.fr\\\/produit\\\/daniel-larrieu-memento-1982-2012\\\/\",\"name\":\"Daniel Larrieu: Memento 1982 - 2012 - Books on the Move\",\"isPartOf\":{\"@id\":\"https:\\\/\\\/www.booksonthemove.fr\\\/#website\"},\"primaryImageOfPage\":{\"@id\":\"https:\\\/\\\/www.booksonthemove.fr\\\/produit\\\/daniel-larrieu-memento-1982-2012\\\/#primaryimage\"},\"image\":{\"@id\":\"https:\\\/\\\/www.booksonthemove.fr\\\/produit\\\/daniel-larrieu-memento-1982-2012\\\/#primaryimage\"},\"thumbnailUrl\":\"https:\\\/\\\/www.booksonthemove.fr\\\/media\\\/bom_1288_0.jpg\",\"datePublished\":\"2016-08-27T23:19:38+00:00\",\"dateModified\":\"2025-05-18T20:48:52+00:00\",\"breadcrumb\":{\"@id\":\"https:\\\/\\\/www.booksonthemove.fr\\\/produit\\\/daniel-larrieu-memento-1982-2012\\\/#breadcrumb\"},\"inLanguage\":\"en-US\",\"potentialAction\":[{\"@type\":\"ReadAction\",\"target\":[\"https:\\\/\\\/www.booksonthemove.fr\\\/produit\\\/daniel-larrieu-memento-1982-2012\\\/\"]}]},{\"@type\":\"ImageObject\",\"inLanguage\":\"en-US\",\"@id\":\"https:\\\/\\\/www.booksonthemove.fr\\\/produit\\\/daniel-larrieu-memento-1982-2012\\\/#primaryimage\",\"url\":\"https:\\\/\\\/www.booksonthemove.fr\\\/media\\\/bom_1288_0.jpg\",\"contentUrl\":\"https:\\\/\\\/www.booksonthemove.fr\\\/media\\\/bom_1288_0.jpg\",\"width\":900,\"height\":1200,\"caption\":\"Daniel Larrieu: Memento 1982 - 2012\"},{\"@type\":\"BreadcrumbList\",\"@id\":\"https:\\\/\\\/www.booksonthemove.fr\\\/produit\\\/daniel-larrieu-memento-1982-2012\\\/#breadcrumb\",\"itemListElement\":[{\"@type\":\"ListItem\",\"position\":1,\"name\":\"Accueil\",\"item\":\"https:\\\/\\\/www.booksonthemove.fr\\\/en\\\/\"},{\"@type\":\"ListItem\",\"position\":2,\"name\":\"online store\",\"item\":\"https:\\\/\\\/www.booksonthemove.fr\\\/en\\\/online-shop\\\/\"},{\"@type\":\"ListItem\",\"position\":3,\"name\":\"Daniel Larrieu: Memento 1982 &#8211; 2012\"}]},{\"@type\":\"WebSite\",\"@id\":\"https:\\\/\\\/www.booksonthemove.fr\\\/#website\",\"url\":\"https:\\\/\\\/www.booksonthemove.fr\\\/\",\"name\":\"Books on the Move\",\"description\":\"librairie nomade - danse - mouvement - performance\",\"publisher\":{\"@id\":\"https:\\\/\\\/www.booksonthemove.fr\\\/#organization\"},\"potentialAction\":[{\"@type\":\"SearchAction\",\"target\":{\"@type\":\"EntryPoint\",\"urlTemplate\":\"https:\\\/\\\/www.booksonthemove.fr\\\/?s={search_term_string}\"},\"query-input\":{\"@type\":\"PropertyValueSpecification\",\"valueRequired\":true,\"valueName\":\"search_term_string\"}}],\"inLanguage\":\"en-US\"},{\"@type\":\"Organization\",\"@id\":\"https:\\\/\\\/www.booksonthemove.fr\\\/#organization\",\"name\":\"Books on the Move\",\"url\":\"https:\\\/\\\/www.booksonthemove.fr\\\/\",\"logo\":{\"@type\":\"ImageObject\",\"inLanguage\":\"en-US\",\"@id\":\"https:\\\/\\\/www.booksonthemove.fr\\\/#\\\/schema\\\/logo\\\/image\\\/\",\"url\":\"https:\\\/\\\/www.booksonthemove.fr\\\/media\\\/logo-NB-400.jpg\",\"contentUrl\":\"https:\\\/\\\/www.booksonthemove.fr\\\/media\\\/logo-NB-400.jpg\",\"width\":400,\"height\":143,\"caption\":\"Books on the Move\"},\"image\":{\"@id\":\"https:\\\/\\\/www.booksonthemove.fr\\\/#\\\/schema\\\/logo\\\/image\\\/\"},\"sameAs\":[\"https:\\\/\\\/www.facebook.com\\\/Librairiebooksonthemove\\\/\"]}]}<\/script>\n<!-- \/ Yoast SEO plugin. -->","yoast_head_json":{"title":"Daniel Larrieu: Memento 1982 - 2012 - Books on the Move","robots":{"index":"index","follow":"follow","max-snippet":"max-snippet:-1","max-image-preview":"max-image-preview:large","max-video-preview":"max-video-preview:-1"},"canonical":"https:\/\/www.booksonthemove.fr\/produit\/daniel-larrieu-memento-1982-2012\/","og_locale":"en_US","og_type":"article","og_title":"Daniel Larrieu: Memento 1982 - 2012 - Books on the Move","og_description":"Auteurs: Daniel Larrieu et Ir\u00e8ne Filiberti Editeur: Actes Sud (2014)  Broch\u00e9: 304 pages Langue: Fran\u00e7ais ISBN13: 978-2-330-03418-4","og_url":"https:\/\/www.booksonthemove.fr\/produit\/daniel-larrieu-memento-1982-2012\/","og_site_name":"Books on the Move","article_publisher":"https:\/\/www.facebook.com\/Librairiebooksonthemove\/","article_modified_time":"2025-05-18T20:48:52+00:00","og_image":[{"width":900,"height":1200,"url":"https:\/\/www.booksonthemove.fr\/media\/bom_1288_0.jpg","type":"image\/jpeg"}],"twitter_card":"summary_large_image","schema":{"@context":"https:\/\/schema.org","@graph":[{"@type":"WebPage","@id":"https:\/\/www.booksonthemove.fr\/produit\/daniel-larrieu-memento-1982-2012\/","url":"https:\/\/www.booksonthemove.fr\/produit\/daniel-larrieu-memento-1982-2012\/","name":"Daniel Larrieu: Memento 1982 - 2012 - Books on the Move","isPartOf":{"@id":"https:\/\/www.booksonthemove.fr\/#website"},"primaryImageOfPage":{"@id":"https:\/\/www.booksonthemove.fr\/produit\/daniel-larrieu-memento-1982-2012\/#primaryimage"},"image":{"@id":"https:\/\/www.booksonthemove.fr\/produit\/daniel-larrieu-memento-1982-2012\/#primaryimage"},"thumbnailUrl":"https:\/\/www.booksonthemove.fr\/media\/bom_1288_0.jpg","datePublished":"2016-08-27T23:19:38+00:00","dateModified":"2025-05-18T20:48:52+00:00","breadcrumb":{"@id":"https:\/\/www.booksonthemove.fr\/produit\/daniel-larrieu-memento-1982-2012\/#breadcrumb"},"inLanguage":"en-US","potentialAction":[{"@type":"ReadAction","target":["https:\/\/www.booksonthemove.fr\/produit\/daniel-larrieu-memento-1982-2012\/"]}]},{"@type":"ImageObject","inLanguage":"en-US","@id":"https:\/\/www.booksonthemove.fr\/produit\/daniel-larrieu-memento-1982-2012\/#primaryimage","url":"https:\/\/www.booksonthemove.fr\/media\/bom_1288_0.jpg","contentUrl":"https:\/\/www.booksonthemove.fr\/media\/bom_1288_0.jpg","width":900,"height":1200,"caption":"Daniel Larrieu: Memento 1982 - 2012"},{"@type":"BreadcrumbList","@id":"https:\/\/www.booksonthemove.fr\/produit\/daniel-larrieu-memento-1982-2012\/#breadcrumb","itemListElement":[{"@type":"ListItem","position":1,"name":"Accueil","item":"https:\/\/www.booksonthemove.fr\/en\/"},{"@type":"ListItem","position":2,"name":"online store","item":"https:\/\/www.booksonthemove.fr\/en\/online-shop\/"},{"@type":"ListItem","position":3,"name":"Daniel Larrieu: Memento 1982 &#8211; 2012"}]},{"@type":"WebSite","@id":"https:\/\/www.booksonthemove.fr\/#website","url":"https:\/\/www.booksonthemove.fr\/","name":"Books on the Move","description":"librairie nomade - danse - mouvement - performance","publisher":{"@id":"https:\/\/www.booksonthemove.fr\/#organization"},"potentialAction":[{"@type":"SearchAction","target":{"@type":"EntryPoint","urlTemplate":"https:\/\/www.booksonthemove.fr\/?s={search_term_string}"},"query-input":{"@type":"PropertyValueSpecification","valueRequired":true,"valueName":"search_term_string"}}],"inLanguage":"en-US"},{"@type":"Organization","@id":"https:\/\/www.booksonthemove.fr\/#organization","name":"Books on the Move","url":"https:\/\/www.booksonthemove.fr\/","logo":{"@type":"ImageObject","inLanguage":"en-US","@id":"https:\/\/www.booksonthemove.fr\/#\/schema\/logo\/image\/","url":"https:\/\/www.booksonthemove.fr\/media\/logo-NB-400.jpg","contentUrl":"https:\/\/www.booksonthemove.fr\/media\/logo-NB-400.jpg","width":400,"height":143,"caption":"Books on the Move"},"image":{"@id":"https:\/\/www.booksonthemove.fr\/#\/schema\/logo\/image\/"},"sameAs":["https:\/\/www.facebook.com\/Librairiebooksonthemove\/"]}]}},"_links":{"self":[{"href":"https:\/\/www.booksonthemove.fr\/en\/wp-json\/wp\/v2\/product\/2840","targetHints":{"allow":["GET"]}}],"collection":[{"href":"https:\/\/www.booksonthemove.fr\/en\/wp-json\/wp\/v2\/product"}],"about":[{"href":"https:\/\/www.booksonthemove.fr\/en\/wp-json\/wp\/v2\/types\/product"}],"wp:featuredmedia":[{"embeddable":true,"href":"https:\/\/www.booksonthemove.fr\/en\/wp-json\/wp\/v2\/media\/1332"}],"wp:attachment":[{"href":"https:\/\/www.booksonthemove.fr\/en\/wp-json\/wp\/v2\/media?parent=2840"}],"wp:term":[{"taxonomy":"product_brand","embeddable":true,"href":"https:\/\/www.booksonthemove.fr\/en\/wp-json\/wp\/v2\/product_brand?post=2840"},{"taxonomy":"product_cat","embeddable":true,"href":"https:\/\/www.booksonthemove.fr\/en\/wp-json\/wp\/v2\/product_cat?post=2840"},{"taxonomy":"product_tag","embeddable":true,"href":"https:\/\/www.booksonthemove.fr\/en\/wp-json\/wp\/v2\/product_tag?post=2840"}],"curies":[{"name":"wp","href":"https:\/\/api.w.org\/{rel}","templated":true}]}}