{"id":34505,"date":"2022-07-09T12:33:06","date_gmt":"2022-07-09T10:33:06","guid":{"rendered":"https:\/\/www.booksonthemove.fr\/produit\/curta-introducao-a-um-catalogo-sem-autor\/"},"modified":"2024-10-08T10:33:26","modified_gmt":"2024-10-08T08:33:26","slug":"curta-introducao-a-um-catalogo-sem-autor","status":"publish","type":"product","link":"https:\/\/www.booksonthemove.fr\/en\/produit\/curta-introducao-a-um-catalogo-sem-autor\/","title":{"rendered":"Curta Introdu\u00e7\u00e3o a Um Cat\u00e1logo sem Autor"},"content":{"rendered":"<p>Foi no ano de 2011 que o core\u00f3grafo conheceu, numa escola de dan\u00e7a, o autor deste cat\u00e1logo. Ao autor, que se quer manter an\u00f3nimo, interessa partilhar uma s\u00e9rie de propostas coreogr\u00e1ficas, liter\u00e1rias, culin\u00e1rias, sociais, etc., suficientemente abertas para serem realizadas pelos outros\u2026 \u00abou n\u00e3o\u00bb. Escrito em ingl\u00eas <i>globish<\/i>, o livro \u00e9 um in\u00e9dito que contribui para pensar, divulgar e at\u00e9 praticar artes performativas.<\/p>\n<p><strong>Short introduction to a catalogue without an author<br \/>\n<\/strong>In 2011 the choreographer met, at a dance school, the author of this catalog. The author, who wants to remain anonymous, is interested in sharing a series of choreographic, literary, culinary, social, etc. proposals, sufficiently open to be carried out by others&#8230; &#8220;or not&#8221;. Written in globish English, the book is an unpublished book that contributes to the dissemination, thought and even practice in the performing arts.<\/p>\n<div class=\"post-header\">\n<div class=\"post-header-line-1\"><strong>Courte introduction pour un catalogue sans auteur<\/strong><\/div>\n<div>En 2011, le chor\u00e9graphe a rencontr\u00e9 l&#8217;auteur de ce catalogue dans une \u00e9cole de danse. L&#8217;auteur, qui d\u00e9sire rester anonyme, souhaite partager une s\u00e9rie de propositions chor\u00e9graphiques, litt\u00e9raires, culinaires, sociales, etc. suffisamment ouvertes afin d&#8217;\u00eatre effectu\u00e9es par d&#8217;autres&#8230; &#8220;ou pas&#8221;. Ecrit en Anglais globish, le livre est un ouvrage non publi\u00e9 qui contribue \u00e0 la transmission, pens\u00e9e et pratique des arts performatives.<\/div>\n<\/div>\n<h3 class=\"post-title entry-title\"><\/h3>\n<div class=\"post-header\">\n<div class=\"post-header-line-1\"><\/div>\n<\/div>\n<div id=\"post-body-331049492878699888\" class=\"post-body entry-content\"><\/div>\n<p>&nbsp;<\/p>\n<p>&nbsp;<\/p>\n","protected":false},"excerpt":{"rendered":"<p><strong>AUTORAS:<\/strong> Introdu\u00e7\u00e3o\/introduction &#8211;\u00a0Cyriaque Villemaux<br \/>\n<strong>UMA EDI\u00c7\u00c3O:<\/strong> Teatro Praga \/\u00a0Sistema Solar\u00a0(2020)<\/p>\n<p><strong>BROCHADO:<\/strong>\u00a0120 p\u00e1ginas<br \/>\n<strong>L\u00cdNGUAS:<\/strong> portugu\u00eas-franc\u00eas-ingl\u00eas \/ Portuguese-French-English \/ portugais-fran\u00e7ais-anglais<br \/>\n<strong>ISBN13:<\/strong> 978-989-9006-27-0<\/p>\n","protected":false},"featured_media":34504,"template":"","meta":[],"product_brand":[],"product_cat":[135,212,258,162],"product_tag":[],"class_list":{"0":"post-34505","1":"product","2":"type-product","3":"status-publish","4":"has-post-thumbnail","6":"product_cat-english-en","7":"product_cat-artists-books-en","8":"product_cat-other-languages","9":"product_cat-french-en","11":"first","12":"instock","13":"taxable","14":"shipping-taxable","15":"purchasable","16":"product-type-simple"},"yoast_head":"<!-- This site is optimized with the Yoast SEO plugin v27.4 - https:\/\/yoast.com\/product\/yoast-seo-wordpress\/ -->\n<title>Curta Introdu\u00e7\u00e3o a Um Cat\u00e1logo sem Autor - Books on the Move<\/title>\n<meta name=\"robots\" content=\"index, follow, max-snippet:-1, max-image-preview:large, max-video-preview:-1\" \/>\n<link rel=\"canonical\" href=\"https:\/\/www.booksonthemove.fr\/en\/produit\/curta-introducao-a-um-catalogo-sem-autor\/\" \/>\n<meta property=\"og:locale\" content=\"en_US\" \/>\n<meta property=\"og:type\" content=\"article\" \/>\n<meta property=\"og:title\" content=\"Curta Introdu\u00e7\u00e3o a Um Cat\u00e1logo sem Autor - Books on the Move\" \/>\n<meta property=\"og:description\" content=\"AUTORAS: Introdu\u00e7\u00e3o\/introduction -\u00a0Cyriaque Villemaux UMA EDI\u00c7\u00c3O: Teatro Praga \/\u00a0Sistema Solar\u00a0(2020)  BROCHADO:\u00a0120 p\u00e1ginas L\u00cdNGUAS: portugu\u00eas-franc\u00eas-ingl\u00eas \/ Portuguese-French-English \/ portugais-fran\u00e7ais-anglais ISBN13: 978-989-9006-27-0\" \/>\n<meta property=\"og:url\" content=\"https:\/\/www.booksonthemove.fr\/en\/produit\/curta-introducao-a-um-catalogo-sem-autor\/\" \/>\n<meta property=\"og:site_name\" content=\"Books on the Move\" \/>\n<meta property=\"article:publisher\" content=\"https:\/\/www.facebook.com\/Librairiebooksonthemove\/\" \/>\n<meta property=\"article:modified_time\" content=\"2024-10-08T08:33:26+00:00\" \/>\n<meta property=\"og:image\" content=\"https:\/\/www.booksonthemove.fr\/media\/bom_2478.jpg\" \/>\n\t<meta property=\"og:image:width\" content=\"900\" \/>\n\t<meta property=\"og:image:height\" content=\"1287\" \/>\n\t<meta property=\"og:image:type\" content=\"image\/jpeg\" \/>\n<meta name=\"twitter:card\" content=\"summary_large_image\" \/>\n<script type=\"application\/ld+json\" class=\"yoast-schema-graph\">{\"@context\":\"https:\\\/\\\/schema.org\",\"@graph\":[{\"@type\":\"WebPage\",\"@id\":\"https:\\\/\\\/www.booksonthemove.fr\\\/en\\\/produit\\\/curta-introducao-a-um-catalogo-sem-autor\\\/\",\"url\":\"https:\\\/\\\/www.booksonthemove.fr\\\/en\\\/produit\\\/curta-introducao-a-um-catalogo-sem-autor\\\/\",\"name\":\"Curta Introdu\u00e7\u00e3o a Um Cat\u00e1logo sem Autor - Books on the Move\",\"isPartOf\":{\"@id\":\"https:\\\/\\\/www.booksonthemove.fr\\\/#website\"},\"primaryImageOfPage\":{\"@id\":\"https:\\\/\\\/www.booksonthemove.fr\\\/en\\\/produit\\\/curta-introducao-a-um-catalogo-sem-autor\\\/#primaryimage\"},\"image\":{\"@id\":\"https:\\\/\\\/www.booksonthemove.fr\\\/en\\\/produit\\\/curta-introducao-a-um-catalogo-sem-autor\\\/#primaryimage\"},\"thumbnailUrl\":\"https:\\\/\\\/www.booksonthemove.fr\\\/media\\\/bom_2478.jpg\",\"datePublished\":\"2022-07-09T10:33:06+00:00\",\"dateModified\":\"2024-10-08T08:33:26+00:00\",\"breadcrumb\":{\"@id\":\"https:\\\/\\\/www.booksonthemove.fr\\\/en\\\/produit\\\/curta-introducao-a-um-catalogo-sem-autor\\\/#breadcrumb\"},\"inLanguage\":\"en-US\",\"potentialAction\":[{\"@type\":\"ReadAction\",\"target\":[\"https:\\\/\\\/www.booksonthemove.fr\\\/en\\\/produit\\\/curta-introducao-a-um-catalogo-sem-autor\\\/\"]}]},{\"@type\":\"ImageObject\",\"inLanguage\":\"en-US\",\"@id\":\"https:\\\/\\\/www.booksonthemove.fr\\\/en\\\/produit\\\/curta-introducao-a-um-catalogo-sem-autor\\\/#primaryimage\",\"url\":\"https:\\\/\\\/www.booksonthemove.fr\\\/media\\\/bom_2478.jpg\",\"contentUrl\":\"https:\\\/\\\/www.booksonthemove.fr\\\/media\\\/bom_2478.jpg\",\"width\":900,\"height\":1287},{\"@type\":\"BreadcrumbList\",\"@id\":\"https:\\\/\\\/www.booksonthemove.fr\\\/en\\\/produit\\\/curta-introducao-a-um-catalogo-sem-autor\\\/#breadcrumb\",\"itemListElement\":[{\"@type\":\"ListItem\",\"position\":1,\"name\":\"Accueil\",\"item\":\"https:\\\/\\\/www.booksonthemove.fr\\\/en\\\/\"},{\"@type\":\"ListItem\",\"position\":2,\"name\":\"online store\",\"item\":\"https:\\\/\\\/www.booksonthemove.fr\\\/en\\\/online-shop\\\/\"},{\"@type\":\"ListItem\",\"position\":3,\"name\":\"Curta Introdu\u00e7\u00e3o a Um Cat\u00e1logo sem Autor\"}]},{\"@type\":\"WebSite\",\"@id\":\"https:\\\/\\\/www.booksonthemove.fr\\\/#website\",\"url\":\"https:\\\/\\\/www.booksonthemove.fr\\\/\",\"name\":\"Books on the Move\",\"description\":\"librairie nomade - danse - mouvement - performance\",\"publisher\":{\"@id\":\"https:\\\/\\\/www.booksonthemove.fr\\\/#organization\"},\"potentialAction\":[{\"@type\":\"SearchAction\",\"target\":{\"@type\":\"EntryPoint\",\"urlTemplate\":\"https:\\\/\\\/www.booksonthemove.fr\\\/?s={search_term_string}\"},\"query-input\":{\"@type\":\"PropertyValueSpecification\",\"valueRequired\":true,\"valueName\":\"search_term_string\"}}],\"inLanguage\":\"en-US\"},{\"@type\":\"Organization\",\"@id\":\"https:\\\/\\\/www.booksonthemove.fr\\\/#organization\",\"name\":\"Books on the Move\",\"url\":\"https:\\\/\\\/www.booksonthemove.fr\\\/\",\"logo\":{\"@type\":\"ImageObject\",\"inLanguage\":\"en-US\",\"@id\":\"https:\\\/\\\/www.booksonthemove.fr\\\/#\\\/schema\\\/logo\\\/image\\\/\",\"url\":\"https:\\\/\\\/www.booksonthemove.fr\\\/media\\\/logo-NB-400.jpg\",\"contentUrl\":\"https:\\\/\\\/www.booksonthemove.fr\\\/media\\\/logo-NB-400.jpg\",\"width\":400,\"height\":143,\"caption\":\"Books on the Move\"},\"image\":{\"@id\":\"https:\\\/\\\/www.booksonthemove.fr\\\/#\\\/schema\\\/logo\\\/image\\\/\"},\"sameAs\":[\"https:\\\/\\\/www.facebook.com\\\/Librairiebooksonthemove\\\/\"]}]}<\/script>\n<!-- \/ Yoast SEO plugin. -->","yoast_head_json":{"title":"Curta Introdu\u00e7\u00e3o a Um Cat\u00e1logo sem Autor - Books on the Move","robots":{"index":"index","follow":"follow","max-snippet":"max-snippet:-1","max-image-preview":"max-image-preview:large","max-video-preview":"max-video-preview:-1"},"canonical":"https:\/\/www.booksonthemove.fr\/en\/produit\/curta-introducao-a-um-catalogo-sem-autor\/","og_locale":"en_US","og_type":"article","og_title":"Curta Introdu\u00e7\u00e3o a Um Cat\u00e1logo sem Autor - Books on the Move","og_description":"AUTORAS: Introdu\u00e7\u00e3o\/introduction -\u00a0Cyriaque Villemaux UMA EDI\u00c7\u00c3O: Teatro Praga \/\u00a0Sistema Solar\u00a0(2020)  BROCHADO:\u00a0120 p\u00e1ginas L\u00cdNGUAS: portugu\u00eas-franc\u00eas-ingl\u00eas \/ Portuguese-French-English \/ portugais-fran\u00e7ais-anglais ISBN13: 978-989-9006-27-0","og_url":"https:\/\/www.booksonthemove.fr\/en\/produit\/curta-introducao-a-um-catalogo-sem-autor\/","og_site_name":"Books on the Move","article_publisher":"https:\/\/www.facebook.com\/Librairiebooksonthemove\/","article_modified_time":"2024-10-08T08:33:26+00:00","og_image":[{"width":900,"height":1287,"url":"https:\/\/www.booksonthemove.fr\/media\/bom_2478.jpg","type":"image\/jpeg"}],"twitter_card":"summary_large_image","schema":{"@context":"https:\/\/schema.org","@graph":[{"@type":"WebPage","@id":"https:\/\/www.booksonthemove.fr\/en\/produit\/curta-introducao-a-um-catalogo-sem-autor\/","url":"https:\/\/www.booksonthemove.fr\/en\/produit\/curta-introducao-a-um-catalogo-sem-autor\/","name":"Curta Introdu\u00e7\u00e3o a Um Cat\u00e1logo sem Autor - Books on the Move","isPartOf":{"@id":"https:\/\/www.booksonthemove.fr\/#website"},"primaryImageOfPage":{"@id":"https:\/\/www.booksonthemove.fr\/en\/produit\/curta-introducao-a-um-catalogo-sem-autor\/#primaryimage"},"image":{"@id":"https:\/\/www.booksonthemove.fr\/en\/produit\/curta-introducao-a-um-catalogo-sem-autor\/#primaryimage"},"thumbnailUrl":"https:\/\/www.booksonthemove.fr\/media\/bom_2478.jpg","datePublished":"2022-07-09T10:33:06+00:00","dateModified":"2024-10-08T08:33:26+00:00","breadcrumb":{"@id":"https:\/\/www.booksonthemove.fr\/en\/produit\/curta-introducao-a-um-catalogo-sem-autor\/#breadcrumb"},"inLanguage":"en-US","potentialAction":[{"@type":"ReadAction","target":["https:\/\/www.booksonthemove.fr\/en\/produit\/curta-introducao-a-um-catalogo-sem-autor\/"]}]},{"@type":"ImageObject","inLanguage":"en-US","@id":"https:\/\/www.booksonthemove.fr\/en\/produit\/curta-introducao-a-um-catalogo-sem-autor\/#primaryimage","url":"https:\/\/www.booksonthemove.fr\/media\/bom_2478.jpg","contentUrl":"https:\/\/www.booksonthemove.fr\/media\/bom_2478.jpg","width":900,"height":1287},{"@type":"BreadcrumbList","@id":"https:\/\/www.booksonthemove.fr\/en\/produit\/curta-introducao-a-um-catalogo-sem-autor\/#breadcrumb","itemListElement":[{"@type":"ListItem","position":1,"name":"Accueil","item":"https:\/\/www.booksonthemove.fr\/en\/"},{"@type":"ListItem","position":2,"name":"online store","item":"https:\/\/www.booksonthemove.fr\/en\/online-shop\/"},{"@type":"ListItem","position":3,"name":"Curta Introdu\u00e7\u00e3o a Um Cat\u00e1logo sem Autor"}]},{"@type":"WebSite","@id":"https:\/\/www.booksonthemove.fr\/#website","url":"https:\/\/www.booksonthemove.fr\/","name":"Books on the Move","description":"librairie nomade - danse - mouvement - performance","publisher":{"@id":"https:\/\/www.booksonthemove.fr\/#organization"},"potentialAction":[{"@type":"SearchAction","target":{"@type":"EntryPoint","urlTemplate":"https:\/\/www.booksonthemove.fr\/?s={search_term_string}"},"query-input":{"@type":"PropertyValueSpecification","valueRequired":true,"valueName":"search_term_string"}}],"inLanguage":"en-US"},{"@type":"Organization","@id":"https:\/\/www.booksonthemove.fr\/#organization","name":"Books on the Move","url":"https:\/\/www.booksonthemove.fr\/","logo":{"@type":"ImageObject","inLanguage":"en-US","@id":"https:\/\/www.booksonthemove.fr\/#\/schema\/logo\/image\/","url":"https:\/\/www.booksonthemove.fr\/media\/logo-NB-400.jpg","contentUrl":"https:\/\/www.booksonthemove.fr\/media\/logo-NB-400.jpg","width":400,"height":143,"caption":"Books on the Move"},"image":{"@id":"https:\/\/www.booksonthemove.fr\/#\/schema\/logo\/image\/"},"sameAs":["https:\/\/www.facebook.com\/Librairiebooksonthemove\/"]}]}},"_links":{"self":[{"href":"https:\/\/www.booksonthemove.fr\/en\/wp-json\/wp\/v2\/product\/34505","targetHints":{"allow":["GET"]}}],"collection":[{"href":"https:\/\/www.booksonthemove.fr\/en\/wp-json\/wp\/v2\/product"}],"about":[{"href":"https:\/\/www.booksonthemove.fr\/en\/wp-json\/wp\/v2\/types\/product"}],"wp:featuredmedia":[{"embeddable":true,"href":"https:\/\/www.booksonthemove.fr\/en\/wp-json\/wp\/v2\/media\/34504"}],"wp:attachment":[{"href":"https:\/\/www.booksonthemove.fr\/en\/wp-json\/wp\/v2\/media?parent=34505"}],"wp:term":[{"taxonomy":"product_brand","embeddable":true,"href":"https:\/\/www.booksonthemove.fr\/en\/wp-json\/wp\/v2\/product_brand?post=34505"},{"taxonomy":"product_cat","embeddable":true,"href":"https:\/\/www.booksonthemove.fr\/en\/wp-json\/wp\/v2\/product_cat?post=34505"},{"taxonomy":"product_tag","embeddable":true,"href":"https:\/\/www.booksonthemove.fr\/en\/wp-json\/wp\/v2\/product_tag?post=34505"}],"curies":[{"name":"wp","href":"https:\/\/api.w.org\/{rel}","templated":true}]}}