{"id":4067,"date":"2016-12-30T14:59:12","date_gmt":"2016-12-30T13:59:12","guid":{"rendered":"https:\/\/www.booksonthemove.fr\/?post_type=product&#038;p=4067"},"modified":"2019-12-28T03:53:20","modified_gmt":"2019-12-28T02:53:20","slug":"la-danse-contemporaine-en-suisse-1960-2010-les-debuts-dune-histoire","status":"publish","type":"product","link":"https:\/\/www.booksonthemove.fr\/en\/produit\/la-danse-contemporaine-en-suisse-1960-2010-les-debuts-dune-histoire\/","title":{"rendered":"La danse contemporaine en Suisse 1960-2010, les d\u00e9buts d&#8217;une histoire"},"content":{"rendered":"<p>Voici les d\u00e9buts de l\u2019histoire de la danse contemporaine en Suisse. Anne Davier et Annie Suquet ont enqu\u00eat\u00e9 dans toute la Suisse pendant plus de trois ans pour rencontrer chor\u00e9graphes et danseurs, p\u00e9dagogues et programmateurs, responsables politiques et culturels. Elles ont fouill\u00e9 dans les archives et dans les m\u00e9moires pour comprendre les h\u00e9ritages, les influences, les combats d\u2019une communaut\u00e9 chor\u00e9graphique bien d\u00e9cid\u00e9e \u00e0 se frayer de nouveaux chemins expressifs . Le r\u00e9sultat est saisissant. Dans ce petit pays qu\u2019est la Suisse, la danse contemporaine est d\u2019une vivacit\u00e9 et d\u2019une qualit\u00e9 exceptionnelle\u00a0; ce livre retrace le chemin de 1960 \u00e0 2010 qui l\u2019y a men\u00e9. Remise en cause des techniques de danse r\u00e9pertori\u00e9es, aspirations \u00e0 des chemins plus libres dans le sillage des \u00e9v\u00e9nements de soixante-huit, engagements collectifs pour des lieux de travail et pour une reconnaissance\u00a0du m\u00e9tier, c\u2019est la premi\u00e8re fois qu\u2019un livre fait le point sur l\u2019histoire esth\u00e9tique, culturelle et politique de la danse contemporaine en Suisse. Le texte, v\u00e9ritable r\u00e9cit vivant, est ponctu\u00e9 d\u2019un reportage photographique de Steeve Iuncker, qui documente le travail de cr\u00e9ation d\u2019une quinzaine de compagnies en r\u00e9p\u00e9tition. Ces images ont \u00e9t\u00e9 r\u00e9alis\u00e9es, comme les entretiens, entre 2013 et 2016. Anne Davier travaille pour l\u2019Association pour la danse contemporaine (ADC). Elle est r\u00e9dactrice en chef du Journal de l\u2019ADC et charg\u00e9e de projets de d\u00e9veloppement. Elle est aussi experte ind\u00e9pendante pour la danse et la performance aupr\u00e8s de Pro Helvetia, fondation suisse pour la culture. Historienne de la danse, Annie Suquet a \u00e9t\u00e9 chercheuse en r\u00e9sidence \u00e0 la Merce Cunningham Dance Foundation \u00e0 New York pendant plusieurs ann\u00e9es. Elle est l&#8217;auteur de L&#8217;\u00e9veil des modernit\u00e9s : une histoire culturelle de la danse (1870-1945), \u00e9ditions du CND, 2012, pr\u00e8s de mille pages d\u00e9volues \u00e0 une approche des courants de la danse moderne internationale. Photographe, Steeve Iuncker a expos\u00e9 r\u00e9cemment au Museum d\u2019Histoire naturelle (Paris), au Mus\u00e9e de l\u2019Elys\u00e9e (Lausanne) et au MAMCO (Gen\u00e8ve). Il a en outre publi\u00e9 un livre,\u00a0A jeudi, 15h, \u00e9d. Le Bec en l\u2019air, 2012<\/p>\n","protected":false},"excerpt":{"rendered":"<p><strong>Auteurs<\/strong> : Anne Davier et Annie Suquet <strong>Editeur<\/strong> : Zoe <strong>Broch\u00e9 :<\/strong> 368 pages <strong>Langue<\/strong> : Fran\u00e7ais <strong>ISBN :<\/strong>\u00a02889273687<\/p>\n","protected":false},"featured_media":4196,"template":"","meta":[],"product_brand":[],"product_cat":[149,227,162,136,204],"product_tag":[],"class_list":{"0":"post-4067","1":"product","2":"type-product","3":"status-publish","4":"has-post-thumbnail","6":"product_cat-contemporary-dance-en","7":"product_cat-essays-en","8":"product_cat-french-en","9":"product_cat-histoire-en","10":"product_cat-switzerland-en","12":"first","13":"outofstock","14":"taxable","15":"shipping-taxable","16":"purchasable","17":"product-type-simple"},"yoast_head":"<!-- This site is optimized with the Yoast SEO plugin v27.4 - https:\/\/yoast.com\/product\/yoast-seo-wordpress\/ -->\n<title>La danse contemporaine en Suisse 1960-2010, les d\u00e9buts d&#039;une histoire - Books on the Move<\/title>\n<meta name=\"robots\" content=\"index, follow, max-snippet:-1, max-image-preview:large, max-video-preview:-1\" \/>\n<link rel=\"canonical\" href=\"https:\/\/www.booksonthemove.fr\/en\/produit\/la-danse-contemporaine-en-suisse-1960-2010-les-debuts-dune-histoire\/\" \/>\n<meta property=\"og:locale\" content=\"en_US\" \/>\n<meta property=\"og:type\" content=\"article\" \/>\n<meta property=\"og:title\" content=\"La danse contemporaine en Suisse 1960-2010, les d\u00e9buts d&#039;une histoire - Books on the Move\" \/>\n<meta property=\"og:description\" content=\"Auteurs : Anne Davier et Annie Suquet Editeur : Zoe Broch\u00e9 : 368 pages Langue : Fran\u00e7ais ISBN :\u00a02889273687\" \/>\n<meta property=\"og:url\" content=\"https:\/\/www.booksonthemove.fr\/en\/produit\/la-danse-contemporaine-en-suisse-1960-2010-les-debuts-dune-histoire\/\" \/>\n<meta property=\"og:site_name\" content=\"Books on the Move\" \/>\n<meta property=\"article:publisher\" content=\"https:\/\/www.facebook.com\/Librairiebooksonthemove\/\" \/>\n<meta property=\"article:modified_time\" content=\"2019-12-28T02:53:20+00:00\" \/>\n<meta property=\"og:image\" content=\"https:\/\/www.booksonthemove.fr\/media\/bom_1600_reduced.jpg\" \/>\n\t<meta property=\"og:image:width\" content=\"900\" \/>\n\t<meta property=\"og:image:height\" content=\"1166\" \/>\n\t<meta property=\"og:image:type\" content=\"image\/jpeg\" \/>\n<meta name=\"twitter:card\" content=\"summary_large_image\" \/>\n<script type=\"application\/ld+json\" class=\"yoast-schema-graph\">{\"@context\":\"https:\\\/\\\/schema.org\",\"@graph\":[{\"@type\":\"WebPage\",\"@id\":\"https:\\\/\\\/www.booksonthemove.fr\\\/en\\\/produit\\\/la-danse-contemporaine-en-suisse-1960-2010-les-debuts-dune-histoire\\\/\",\"url\":\"https:\\\/\\\/www.booksonthemove.fr\\\/en\\\/produit\\\/la-danse-contemporaine-en-suisse-1960-2010-les-debuts-dune-histoire\\\/\",\"name\":\"La danse contemporaine en Suisse 1960-2010, les d\u00e9buts d'une histoire - Books on the Move\",\"isPartOf\":{\"@id\":\"https:\\\/\\\/www.booksonthemove.fr\\\/#website\"},\"primaryImageOfPage\":{\"@id\":\"https:\\\/\\\/www.booksonthemove.fr\\\/en\\\/produit\\\/la-danse-contemporaine-en-suisse-1960-2010-les-debuts-dune-histoire\\\/#primaryimage\"},\"image\":{\"@id\":\"https:\\\/\\\/www.booksonthemove.fr\\\/en\\\/produit\\\/la-danse-contemporaine-en-suisse-1960-2010-les-debuts-dune-histoire\\\/#primaryimage\"},\"thumbnailUrl\":\"https:\\\/\\\/www.booksonthemove.fr\\\/media\\\/bom_1600_reduced.jpg\",\"datePublished\":\"2016-12-30T13:59:12+00:00\",\"dateModified\":\"2019-12-28T02:53:20+00:00\",\"breadcrumb\":{\"@id\":\"https:\\\/\\\/www.booksonthemove.fr\\\/en\\\/produit\\\/la-danse-contemporaine-en-suisse-1960-2010-les-debuts-dune-histoire\\\/#breadcrumb\"},\"inLanguage\":\"en-US\",\"potentialAction\":[{\"@type\":\"ReadAction\",\"target\":[\"https:\\\/\\\/www.booksonthemove.fr\\\/en\\\/produit\\\/la-danse-contemporaine-en-suisse-1960-2010-les-debuts-dune-histoire\\\/\"]}]},{\"@type\":\"ImageObject\",\"inLanguage\":\"en-US\",\"@id\":\"https:\\\/\\\/www.booksonthemove.fr\\\/en\\\/produit\\\/la-danse-contemporaine-en-suisse-1960-2010-les-debuts-dune-histoire\\\/#primaryimage\",\"url\":\"https:\\\/\\\/www.booksonthemove.fr\\\/media\\\/bom_1600_reduced.jpg\",\"contentUrl\":\"https:\\\/\\\/www.booksonthemove.fr\\\/media\\\/bom_1600_reduced.jpg\",\"width\":900,\"height\":1166},{\"@type\":\"BreadcrumbList\",\"@id\":\"https:\\\/\\\/www.booksonthemove.fr\\\/en\\\/produit\\\/la-danse-contemporaine-en-suisse-1960-2010-les-debuts-dune-histoire\\\/#breadcrumb\",\"itemListElement\":[{\"@type\":\"ListItem\",\"position\":1,\"name\":\"Accueil\",\"item\":\"https:\\\/\\\/www.booksonthemove.fr\\\/en\\\/\"},{\"@type\":\"ListItem\",\"position\":2,\"name\":\"online store\",\"item\":\"https:\\\/\\\/www.booksonthemove.fr\\\/en\\\/online-shop\\\/\"},{\"@type\":\"ListItem\",\"position\":3,\"name\":\"La danse contemporaine en Suisse 1960-2010, les d\u00e9buts d&#8217;une histoire\"}]},{\"@type\":\"WebSite\",\"@id\":\"https:\\\/\\\/www.booksonthemove.fr\\\/#website\",\"url\":\"https:\\\/\\\/www.booksonthemove.fr\\\/\",\"name\":\"Books on the Move\",\"description\":\"librairie nomade - danse - mouvement - performance\",\"publisher\":{\"@id\":\"https:\\\/\\\/www.booksonthemove.fr\\\/#organization\"},\"potentialAction\":[{\"@type\":\"SearchAction\",\"target\":{\"@type\":\"EntryPoint\",\"urlTemplate\":\"https:\\\/\\\/www.booksonthemove.fr\\\/?s={search_term_string}\"},\"query-input\":{\"@type\":\"PropertyValueSpecification\",\"valueRequired\":true,\"valueName\":\"search_term_string\"}}],\"inLanguage\":\"en-US\"},{\"@type\":\"Organization\",\"@id\":\"https:\\\/\\\/www.booksonthemove.fr\\\/#organization\",\"name\":\"Books on the Move\",\"url\":\"https:\\\/\\\/www.booksonthemove.fr\\\/\",\"logo\":{\"@type\":\"ImageObject\",\"inLanguage\":\"en-US\",\"@id\":\"https:\\\/\\\/www.booksonthemove.fr\\\/#\\\/schema\\\/logo\\\/image\\\/\",\"url\":\"https:\\\/\\\/www.booksonthemove.fr\\\/media\\\/logo-NB-400.jpg\",\"contentUrl\":\"https:\\\/\\\/www.booksonthemove.fr\\\/media\\\/logo-NB-400.jpg\",\"width\":400,\"height\":143,\"caption\":\"Books on the Move\"},\"image\":{\"@id\":\"https:\\\/\\\/www.booksonthemove.fr\\\/#\\\/schema\\\/logo\\\/image\\\/\"},\"sameAs\":[\"https:\\\/\\\/www.facebook.com\\\/Librairiebooksonthemove\\\/\"]}]}<\/script>\n<!-- \/ Yoast SEO plugin. -->","yoast_head_json":{"title":"La danse contemporaine en Suisse 1960-2010, les d\u00e9buts d'une histoire - Books on the Move","robots":{"index":"index","follow":"follow","max-snippet":"max-snippet:-1","max-image-preview":"max-image-preview:large","max-video-preview":"max-video-preview:-1"},"canonical":"https:\/\/www.booksonthemove.fr\/en\/produit\/la-danse-contemporaine-en-suisse-1960-2010-les-debuts-dune-histoire\/","og_locale":"en_US","og_type":"article","og_title":"La danse contemporaine en Suisse 1960-2010, les d\u00e9buts d'une histoire - Books on the Move","og_description":"Auteurs : Anne Davier et Annie Suquet Editeur : Zoe Broch\u00e9 : 368 pages Langue : Fran\u00e7ais ISBN :\u00a02889273687","og_url":"https:\/\/www.booksonthemove.fr\/en\/produit\/la-danse-contemporaine-en-suisse-1960-2010-les-debuts-dune-histoire\/","og_site_name":"Books on the Move","article_publisher":"https:\/\/www.facebook.com\/Librairiebooksonthemove\/","article_modified_time":"2019-12-28T02:53:20+00:00","og_image":[{"width":900,"height":1166,"url":"https:\/\/www.booksonthemove.fr\/media\/bom_1600_reduced.jpg","type":"image\/jpeg"}],"twitter_card":"summary_large_image","schema":{"@context":"https:\/\/schema.org","@graph":[{"@type":"WebPage","@id":"https:\/\/www.booksonthemove.fr\/en\/produit\/la-danse-contemporaine-en-suisse-1960-2010-les-debuts-dune-histoire\/","url":"https:\/\/www.booksonthemove.fr\/en\/produit\/la-danse-contemporaine-en-suisse-1960-2010-les-debuts-dune-histoire\/","name":"La danse contemporaine en Suisse 1960-2010, les d\u00e9buts d'une histoire - Books on the Move","isPartOf":{"@id":"https:\/\/www.booksonthemove.fr\/#website"},"primaryImageOfPage":{"@id":"https:\/\/www.booksonthemove.fr\/en\/produit\/la-danse-contemporaine-en-suisse-1960-2010-les-debuts-dune-histoire\/#primaryimage"},"image":{"@id":"https:\/\/www.booksonthemove.fr\/en\/produit\/la-danse-contemporaine-en-suisse-1960-2010-les-debuts-dune-histoire\/#primaryimage"},"thumbnailUrl":"https:\/\/www.booksonthemove.fr\/media\/bom_1600_reduced.jpg","datePublished":"2016-12-30T13:59:12+00:00","dateModified":"2019-12-28T02:53:20+00:00","breadcrumb":{"@id":"https:\/\/www.booksonthemove.fr\/en\/produit\/la-danse-contemporaine-en-suisse-1960-2010-les-debuts-dune-histoire\/#breadcrumb"},"inLanguage":"en-US","potentialAction":[{"@type":"ReadAction","target":["https:\/\/www.booksonthemove.fr\/en\/produit\/la-danse-contemporaine-en-suisse-1960-2010-les-debuts-dune-histoire\/"]}]},{"@type":"ImageObject","inLanguage":"en-US","@id":"https:\/\/www.booksonthemove.fr\/en\/produit\/la-danse-contemporaine-en-suisse-1960-2010-les-debuts-dune-histoire\/#primaryimage","url":"https:\/\/www.booksonthemove.fr\/media\/bom_1600_reduced.jpg","contentUrl":"https:\/\/www.booksonthemove.fr\/media\/bom_1600_reduced.jpg","width":900,"height":1166},{"@type":"BreadcrumbList","@id":"https:\/\/www.booksonthemove.fr\/en\/produit\/la-danse-contemporaine-en-suisse-1960-2010-les-debuts-dune-histoire\/#breadcrumb","itemListElement":[{"@type":"ListItem","position":1,"name":"Accueil","item":"https:\/\/www.booksonthemove.fr\/en\/"},{"@type":"ListItem","position":2,"name":"online store","item":"https:\/\/www.booksonthemove.fr\/en\/online-shop\/"},{"@type":"ListItem","position":3,"name":"La danse contemporaine en Suisse 1960-2010, les d\u00e9buts d&#8217;une histoire"}]},{"@type":"WebSite","@id":"https:\/\/www.booksonthemove.fr\/#website","url":"https:\/\/www.booksonthemove.fr\/","name":"Books on the Move","description":"librairie nomade - danse - mouvement - performance","publisher":{"@id":"https:\/\/www.booksonthemove.fr\/#organization"},"potentialAction":[{"@type":"SearchAction","target":{"@type":"EntryPoint","urlTemplate":"https:\/\/www.booksonthemove.fr\/?s={search_term_string}"},"query-input":{"@type":"PropertyValueSpecification","valueRequired":true,"valueName":"search_term_string"}}],"inLanguage":"en-US"},{"@type":"Organization","@id":"https:\/\/www.booksonthemove.fr\/#organization","name":"Books on the Move","url":"https:\/\/www.booksonthemove.fr\/","logo":{"@type":"ImageObject","inLanguage":"en-US","@id":"https:\/\/www.booksonthemove.fr\/#\/schema\/logo\/image\/","url":"https:\/\/www.booksonthemove.fr\/media\/logo-NB-400.jpg","contentUrl":"https:\/\/www.booksonthemove.fr\/media\/logo-NB-400.jpg","width":400,"height":143,"caption":"Books on the Move"},"image":{"@id":"https:\/\/www.booksonthemove.fr\/#\/schema\/logo\/image\/"},"sameAs":["https:\/\/www.facebook.com\/Librairiebooksonthemove\/"]}]}},"_links":{"self":[{"href":"https:\/\/www.booksonthemove.fr\/en\/wp-json\/wp\/v2\/product\/4067","targetHints":{"allow":["GET"]}}],"collection":[{"href":"https:\/\/www.booksonthemove.fr\/en\/wp-json\/wp\/v2\/product"}],"about":[{"href":"https:\/\/www.booksonthemove.fr\/en\/wp-json\/wp\/v2\/types\/product"}],"wp:featuredmedia":[{"embeddable":true,"href":"https:\/\/www.booksonthemove.fr\/en\/wp-json\/wp\/v2\/media\/4196"}],"wp:attachment":[{"href":"https:\/\/www.booksonthemove.fr\/en\/wp-json\/wp\/v2\/media?parent=4067"}],"wp:term":[{"taxonomy":"product_brand","embeddable":true,"href":"https:\/\/www.booksonthemove.fr\/en\/wp-json\/wp\/v2\/product_brand?post=4067"},{"taxonomy":"product_cat","embeddable":true,"href":"https:\/\/www.booksonthemove.fr\/en\/wp-json\/wp\/v2\/product_cat?post=4067"},{"taxonomy":"product_tag","embeddable":true,"href":"https:\/\/www.booksonthemove.fr\/en\/wp-json\/wp\/v2\/product_tag?post=4067"}],"curies":[{"name":"wp","href":"https:\/\/api.w.org\/{rel}","templated":true}]}}