{"id":4103,"date":"2016-12-29T11:48:01","date_gmt":"2016-12-29T10:48:01","guid":{"rendered":"https:\/\/www.booksonthemove.fr\/?post_type=product&#038;p=4103"},"modified":"2020-03-26T21:59:56","modified_gmt":"2020-03-26T20:59:56","slug":"penser-les-somatiques-avec-feldenkrais-politiques-et-esthetiques-dune-pratique-corporelle","status":"publish","type":"product","link":"https:\/\/www.booksonthemove.fr\/en\/produit\/penser-les-somatiques-avec-feldenkrais-politiques-et-esthetiques-dune-pratique-corporelle\/","title":{"rendered":"Penser les somatiques avec Feldenkrais &#8211; Politiques et esth\u00e9tiques d&#8217;une pratique corporelle"},"content":{"rendered":"<p>On appelle \u00ab pratiques somatiques \u00bb un ensemble de pratiques corporelles dites \u00ab douces \u00bb, bas\u00e9es sur un travail de prise de conscience du mouvement, d\u2019\u00e9largissement de la perception, d\u2019imaginaire du geste. Ces \u00ab pratiques somatiques \u00bb (Feldenkrais, Alexander, Eutonie, Body Mind Centering, Relaxation, et bien d\u2019autres) fr\u00e9quent\u00e9es par un public nombreux, dans les cadres les plus divers (loisirs, soin compl\u00e9mentaire, d\u00e9veloppement personnel, \u00e9ducation, sport de haut niveau, pratique artistique\u2026) sont pourtant tr\u00e8s mal consid\u00e9r\u00e9es par les savoirs dominants tels que la science ou la m\u00e9decine, qui peinent \u00e0 saisir les mod\u00e8les de corps et de geste qui les fondent. R\u00e9alis\u00e9 par le groupe \u00ab Soma &amp; Po. Somatiques, esth\u00e9tiques, politiques \u00bb, compos\u00e9 de chercheuses, danseuses et praticiennes somatiques, cet ouvrage se penche sur un exemple, la M\u00e9thode Feldenkrais \u00ae. \u00c0 partir d\u2019une lecture attentive de la pratique ainsi que des textes du fondateur (Moshe Feldenkrais, 1904-1984), il s\u2019agit de mettre \u00e0 jour l\u2019invention conceptuelle propre aux somatiques, et de retracer comment ce nouveau paradigme des somatiques, loin d\u2019\u00eatre clos sur lui-m\u00eame, trouve des ancrages et des r\u00e9sonances dans une large sph\u00e8re de savoirs philosophiques, scientifiques, sociologiques, et politiques. \u00c0 travers cette mise en situation des savoirs somatiques au sein des sciences humaines et sociales, l\u2019ouvrage propose de nouveaux outils pour comprendre ces pratiques ; mais surtout, par une approche r\u00e9solument politique, il permet de penser de nouveaux usages de ces pratiques, politis\u00e9s et critiques, au sein du monde d\u2019aujourd\u2019hui.<\/p>\n","protected":false},"excerpt":{"rendered":"<p><strong>Auteur :<\/strong> ouvrage collectif dirig\u00e9 par Isabelle Ginot <strong>Editeur<\/strong> : l&#8217;Entretemps (d\u00e9cembre 2014) <strong>Broch\u00e9 :<\/strong> 192 pages <strong>Langue :<\/strong> fran\u00e7ais <strong>ISBN\u00a0:<\/strong> 978-2-35539-188-0<\/p>\n","protected":false},"featured_media":7855,"template":"","meta":[],"product_brand":[],"product_cat":[281,227,162,206,148,141,222],"product_tag":[],"class_list":{"0":"post-4103","1":"product","2":"type-product","3":"status-publish","4":"has-post-thumbnail","6":"product_cat-anthropology","7":"product_cat-essays-en","8":"product_cat-french-en","9":"product_cat-philosophy-aesthetics-en","10":"product_cat-politics-en","11":"product_cat-somatics-other-bodywork-practices-en","12":"product_cat-social-studies-en","14":"first","15":"outofstock","16":"taxable","17":"shipping-taxable","18":"purchasable","19":"product-type-simple"},"yoast_head":"<!-- This site is optimized with the Yoast SEO plugin v27.4 - https:\/\/yoast.com\/product\/yoast-seo-wordpress\/ -->\n<title>Penser les somatiques avec Feldenkrais - Politiques et esth\u00e9tiques d&#039;une pratique corporelle - Books on the Move<\/title>\n<meta name=\"robots\" content=\"index, follow, max-snippet:-1, max-image-preview:large, max-video-preview:-1\" \/>\n<link rel=\"canonical\" href=\"https:\/\/www.booksonthemove.fr\/en\/produit\/penser-les-somatiques-avec-feldenkrais-politiques-et-esthetiques-dune-pratique-corporelle\/\" \/>\n<meta property=\"og:locale\" content=\"en_US\" \/>\n<meta property=\"og:type\" content=\"article\" \/>\n<meta property=\"og:title\" content=\"Penser les somatiques avec Feldenkrais - Politiques et esth\u00e9tiques d&#039;une pratique corporelle - Books on the Move\" \/>\n<meta property=\"og:description\" content=\"Auteur : ouvrage collectif dirig\u00e9 par Isabelle Ginot Editeur : l&#039;Entretemps (d\u00e9cembre 2014) Broch\u00e9 : 192 pages Langue : fran\u00e7ais ISBN\u00a0: 978-2-35539-188-0\" \/>\n<meta property=\"og:url\" content=\"https:\/\/www.booksonthemove.fr\/en\/produit\/penser-les-somatiques-avec-feldenkrais-politiques-et-esthetiques-dune-pratique-corporelle\/\" \/>\n<meta property=\"og:site_name\" content=\"Books on the Move\" \/>\n<meta property=\"article:publisher\" content=\"https:\/\/www.facebook.com\/Librairiebooksonthemove\/\" \/>\n<meta property=\"article:modified_time\" content=\"2020-03-26T20:59:56+00:00\" \/>\n<meta property=\"og:image\" content=\"https:\/\/www.booksonthemove.fr\/media\/fr_ig_0115.jpg\" \/>\n\t<meta property=\"og:image:width\" content=\"600\" \/>\n\t<meta property=\"og:image:height\" content=\"600\" \/>\n\t<meta property=\"og:image:type\" content=\"image\/jpeg\" \/>\n<meta name=\"twitter:card\" content=\"summary_large_image\" \/>\n<script type=\"application\/ld+json\" class=\"yoast-schema-graph\">{\"@context\":\"https:\\\/\\\/schema.org\",\"@graph\":[{\"@type\":\"WebPage\",\"@id\":\"https:\\\/\\\/www.booksonthemove.fr\\\/en\\\/produit\\\/penser-les-somatiques-avec-feldenkrais-politiques-et-esthetiques-dune-pratique-corporelle\\\/\",\"url\":\"https:\\\/\\\/www.booksonthemove.fr\\\/en\\\/produit\\\/penser-les-somatiques-avec-feldenkrais-politiques-et-esthetiques-dune-pratique-corporelle\\\/\",\"name\":\"Penser les somatiques avec Feldenkrais - Politiques et esth\u00e9tiques d'une pratique corporelle - Books on the Move\",\"isPartOf\":{\"@id\":\"https:\\\/\\\/www.booksonthemove.fr\\\/#website\"},\"primaryImageOfPage\":{\"@id\":\"https:\\\/\\\/www.booksonthemove.fr\\\/en\\\/produit\\\/penser-les-somatiques-avec-feldenkrais-politiques-et-esthetiques-dune-pratique-corporelle\\\/#primaryimage\"},\"image\":{\"@id\":\"https:\\\/\\\/www.booksonthemove.fr\\\/en\\\/produit\\\/penser-les-somatiques-avec-feldenkrais-politiques-et-esthetiques-dune-pratique-corporelle\\\/#primaryimage\"},\"thumbnailUrl\":\"https:\\\/\\\/www.booksonthemove.fr\\\/media\\\/fr_ig_0115.jpg\",\"datePublished\":\"2016-12-29T10:48:01+00:00\",\"dateModified\":\"2020-03-26T20:59:56+00:00\",\"breadcrumb\":{\"@id\":\"https:\\\/\\\/www.booksonthemove.fr\\\/en\\\/produit\\\/penser-les-somatiques-avec-feldenkrais-politiques-et-esthetiques-dune-pratique-corporelle\\\/#breadcrumb\"},\"inLanguage\":\"en-US\",\"potentialAction\":[{\"@type\":\"ReadAction\",\"target\":[\"https:\\\/\\\/www.booksonthemove.fr\\\/en\\\/produit\\\/penser-les-somatiques-avec-feldenkrais-politiques-et-esthetiques-dune-pratique-corporelle\\\/\"]}]},{\"@type\":\"ImageObject\",\"inLanguage\":\"en-US\",\"@id\":\"https:\\\/\\\/www.booksonthemove.fr\\\/en\\\/produit\\\/penser-les-somatiques-avec-feldenkrais-politiques-et-esthetiques-dune-pratique-corporelle\\\/#primaryimage\",\"url\":\"https:\\\/\\\/www.booksonthemove.fr\\\/media\\\/fr_ig_0115.jpg\",\"contentUrl\":\"https:\\\/\\\/www.booksonthemove.fr\\\/media\\\/fr_ig_0115.jpg\",\"width\":600,\"height\":600},{\"@type\":\"BreadcrumbList\",\"@id\":\"https:\\\/\\\/www.booksonthemove.fr\\\/en\\\/produit\\\/penser-les-somatiques-avec-feldenkrais-politiques-et-esthetiques-dune-pratique-corporelle\\\/#breadcrumb\",\"itemListElement\":[{\"@type\":\"ListItem\",\"position\":1,\"name\":\"Accueil\",\"item\":\"https:\\\/\\\/www.booksonthemove.fr\\\/en\\\/\"},{\"@type\":\"ListItem\",\"position\":2,\"name\":\"online store\",\"item\":\"https:\\\/\\\/www.booksonthemove.fr\\\/en\\\/online-shop\\\/\"},{\"@type\":\"ListItem\",\"position\":3,\"name\":\"Penser les somatiques avec Feldenkrais &#8211; Politiques et esth\u00e9tiques d&#8217;une pratique corporelle\"}]},{\"@type\":\"WebSite\",\"@id\":\"https:\\\/\\\/www.booksonthemove.fr\\\/#website\",\"url\":\"https:\\\/\\\/www.booksonthemove.fr\\\/\",\"name\":\"Books on the Move\",\"description\":\"librairie nomade - danse - mouvement - performance\",\"publisher\":{\"@id\":\"https:\\\/\\\/www.booksonthemove.fr\\\/#organization\"},\"potentialAction\":[{\"@type\":\"SearchAction\",\"target\":{\"@type\":\"EntryPoint\",\"urlTemplate\":\"https:\\\/\\\/www.booksonthemove.fr\\\/?s={search_term_string}\"},\"query-input\":{\"@type\":\"PropertyValueSpecification\",\"valueRequired\":true,\"valueName\":\"search_term_string\"}}],\"inLanguage\":\"en-US\"},{\"@type\":\"Organization\",\"@id\":\"https:\\\/\\\/www.booksonthemove.fr\\\/#organization\",\"name\":\"Books on the Move\",\"url\":\"https:\\\/\\\/www.booksonthemove.fr\\\/\",\"logo\":{\"@type\":\"ImageObject\",\"inLanguage\":\"en-US\",\"@id\":\"https:\\\/\\\/www.booksonthemove.fr\\\/#\\\/schema\\\/logo\\\/image\\\/\",\"url\":\"https:\\\/\\\/www.booksonthemove.fr\\\/media\\\/logo-NB-400.jpg\",\"contentUrl\":\"https:\\\/\\\/www.booksonthemove.fr\\\/media\\\/logo-NB-400.jpg\",\"width\":400,\"height\":143,\"caption\":\"Books on the Move\"},\"image\":{\"@id\":\"https:\\\/\\\/www.booksonthemove.fr\\\/#\\\/schema\\\/logo\\\/image\\\/\"},\"sameAs\":[\"https:\\\/\\\/www.facebook.com\\\/Librairiebooksonthemove\\\/\"]}]}<\/script>\n<!-- \/ Yoast SEO plugin. -->","yoast_head_json":{"title":"Penser les somatiques avec Feldenkrais - Politiques et esth\u00e9tiques d'une pratique corporelle - Books on the Move","robots":{"index":"index","follow":"follow","max-snippet":"max-snippet:-1","max-image-preview":"max-image-preview:large","max-video-preview":"max-video-preview:-1"},"canonical":"https:\/\/www.booksonthemove.fr\/en\/produit\/penser-les-somatiques-avec-feldenkrais-politiques-et-esthetiques-dune-pratique-corporelle\/","og_locale":"en_US","og_type":"article","og_title":"Penser les somatiques avec Feldenkrais - Politiques et esth\u00e9tiques d'une pratique corporelle - Books on the Move","og_description":"Auteur : ouvrage collectif dirig\u00e9 par Isabelle Ginot Editeur : l'Entretemps (d\u00e9cembre 2014) Broch\u00e9 : 192 pages Langue : fran\u00e7ais ISBN\u00a0: 978-2-35539-188-0","og_url":"https:\/\/www.booksonthemove.fr\/en\/produit\/penser-les-somatiques-avec-feldenkrais-politiques-et-esthetiques-dune-pratique-corporelle\/","og_site_name":"Books on the Move","article_publisher":"https:\/\/www.facebook.com\/Librairiebooksonthemove\/","article_modified_time":"2020-03-26T20:59:56+00:00","og_image":[{"width":600,"height":600,"url":"https:\/\/www.booksonthemove.fr\/media\/fr_ig_0115.jpg","type":"image\/jpeg"}],"twitter_card":"summary_large_image","schema":{"@context":"https:\/\/schema.org","@graph":[{"@type":"WebPage","@id":"https:\/\/www.booksonthemove.fr\/en\/produit\/penser-les-somatiques-avec-feldenkrais-politiques-et-esthetiques-dune-pratique-corporelle\/","url":"https:\/\/www.booksonthemove.fr\/en\/produit\/penser-les-somatiques-avec-feldenkrais-politiques-et-esthetiques-dune-pratique-corporelle\/","name":"Penser les somatiques avec Feldenkrais - Politiques et esth\u00e9tiques d'une pratique corporelle - Books on the Move","isPartOf":{"@id":"https:\/\/www.booksonthemove.fr\/#website"},"primaryImageOfPage":{"@id":"https:\/\/www.booksonthemove.fr\/en\/produit\/penser-les-somatiques-avec-feldenkrais-politiques-et-esthetiques-dune-pratique-corporelle\/#primaryimage"},"image":{"@id":"https:\/\/www.booksonthemove.fr\/en\/produit\/penser-les-somatiques-avec-feldenkrais-politiques-et-esthetiques-dune-pratique-corporelle\/#primaryimage"},"thumbnailUrl":"https:\/\/www.booksonthemove.fr\/media\/fr_ig_0115.jpg","datePublished":"2016-12-29T10:48:01+00:00","dateModified":"2020-03-26T20:59:56+00:00","breadcrumb":{"@id":"https:\/\/www.booksonthemove.fr\/en\/produit\/penser-les-somatiques-avec-feldenkrais-politiques-et-esthetiques-dune-pratique-corporelle\/#breadcrumb"},"inLanguage":"en-US","potentialAction":[{"@type":"ReadAction","target":["https:\/\/www.booksonthemove.fr\/en\/produit\/penser-les-somatiques-avec-feldenkrais-politiques-et-esthetiques-dune-pratique-corporelle\/"]}]},{"@type":"ImageObject","inLanguage":"en-US","@id":"https:\/\/www.booksonthemove.fr\/en\/produit\/penser-les-somatiques-avec-feldenkrais-politiques-et-esthetiques-dune-pratique-corporelle\/#primaryimage","url":"https:\/\/www.booksonthemove.fr\/media\/fr_ig_0115.jpg","contentUrl":"https:\/\/www.booksonthemove.fr\/media\/fr_ig_0115.jpg","width":600,"height":600},{"@type":"BreadcrumbList","@id":"https:\/\/www.booksonthemove.fr\/en\/produit\/penser-les-somatiques-avec-feldenkrais-politiques-et-esthetiques-dune-pratique-corporelle\/#breadcrumb","itemListElement":[{"@type":"ListItem","position":1,"name":"Accueil","item":"https:\/\/www.booksonthemove.fr\/en\/"},{"@type":"ListItem","position":2,"name":"online store","item":"https:\/\/www.booksonthemove.fr\/en\/online-shop\/"},{"@type":"ListItem","position":3,"name":"Penser les somatiques avec Feldenkrais &#8211; Politiques et esth\u00e9tiques d&#8217;une pratique corporelle"}]},{"@type":"WebSite","@id":"https:\/\/www.booksonthemove.fr\/#website","url":"https:\/\/www.booksonthemove.fr\/","name":"Books on the Move","description":"librairie nomade - danse - mouvement - performance","publisher":{"@id":"https:\/\/www.booksonthemove.fr\/#organization"},"potentialAction":[{"@type":"SearchAction","target":{"@type":"EntryPoint","urlTemplate":"https:\/\/www.booksonthemove.fr\/?s={search_term_string}"},"query-input":{"@type":"PropertyValueSpecification","valueRequired":true,"valueName":"search_term_string"}}],"inLanguage":"en-US"},{"@type":"Organization","@id":"https:\/\/www.booksonthemove.fr\/#organization","name":"Books on the Move","url":"https:\/\/www.booksonthemove.fr\/","logo":{"@type":"ImageObject","inLanguage":"en-US","@id":"https:\/\/www.booksonthemove.fr\/#\/schema\/logo\/image\/","url":"https:\/\/www.booksonthemove.fr\/media\/logo-NB-400.jpg","contentUrl":"https:\/\/www.booksonthemove.fr\/media\/logo-NB-400.jpg","width":400,"height":143,"caption":"Books on the Move"},"image":{"@id":"https:\/\/www.booksonthemove.fr\/#\/schema\/logo\/image\/"},"sameAs":["https:\/\/www.facebook.com\/Librairiebooksonthemove\/"]}]}},"_links":{"self":[{"href":"https:\/\/www.booksonthemove.fr\/en\/wp-json\/wp\/v2\/product\/4103","targetHints":{"allow":["GET"]}}],"collection":[{"href":"https:\/\/www.booksonthemove.fr\/en\/wp-json\/wp\/v2\/product"}],"about":[{"href":"https:\/\/www.booksonthemove.fr\/en\/wp-json\/wp\/v2\/types\/product"}],"wp:featuredmedia":[{"embeddable":true,"href":"https:\/\/www.booksonthemove.fr\/en\/wp-json\/wp\/v2\/media\/7855"}],"wp:attachment":[{"href":"https:\/\/www.booksonthemove.fr\/en\/wp-json\/wp\/v2\/media?parent=4103"}],"wp:term":[{"taxonomy":"product_brand","embeddable":true,"href":"https:\/\/www.booksonthemove.fr\/en\/wp-json\/wp\/v2\/product_brand?post=4103"},{"taxonomy":"product_cat","embeddable":true,"href":"https:\/\/www.booksonthemove.fr\/en\/wp-json\/wp\/v2\/product_cat?post=4103"},{"taxonomy":"product_tag","embeddable":true,"href":"https:\/\/www.booksonthemove.fr\/en\/wp-json\/wp\/v2\/product_tag?post=4103"}],"curies":[{"name":"wp","href":"https:\/\/api.w.org\/{rel}","templated":true}]}}