{"id":45145,"date":"2025-04-08T11:36:14","date_gmt":"2025-04-08T09:36:14","guid":{"rendered":"https:\/\/www.booksonthemove.fr\/produit\/le-feminisme-et-la-maitrise-de-la-nature\/"},"modified":"2025-04-17T10:50:56","modified_gmt":"2025-04-17T08:50:56","slug":"le-feminisme-et-la-maitrise-de-la-nature","status":"publish","type":"product","link":"https:\/\/www.booksonthemove.fr\/en\/produit\/le-feminisme-et-la-maitrise-de-la-nature\/","title":{"rendered":"Le f\u00e9minisme et la ma\u00eetrise de la nature"},"content":{"rendered":"<p>Aussi longtemps que les \u00eatres humains se consid\u00e9reront comme \u00e9trangers \u00e0 la Terre, vivant miraculeusement hors-sol, dans une s\u00e9paration tranch\u00e9e avec l\u2019ensemble de la nature, la crise \u00e9cologique ne conna\u00eetra pas d\u2019issue. Mais cette r\u00e9volution de pens\u00e9e, aussi n\u00e9cessaire soit-elle, n\u2019est pas suffisante. Comme le montre Val\u00a0Plumwood, ce serait une erreur de n\u2019accorder d\u2019attention qu\u2019\u00e0 cette rupture pour expliquer cette crise, comme s\u2019il s\u2019agissait d\u2019un simple probl\u00e8me de perspective qu\u2019il suffirait de rectifier pour en \u00eatre aussit\u00f4t d\u00e9barrass\u00e9. Il importe de faire un pas de plus en comprenant que la dualit\u00e9 de l\u2019humain et de la nature fait corps avec tout un ensemble d\u2019oppositions qui se confirment et se soutiennent les unes les autres, o\u00f9 le masculin s\u2019oppose au f\u00e9minin, la raison \u00e0 la passion, le corps \u00e0 l\u2019esprit, etc. En mettant au jour le r\u00e9seau d\u2019interconnexions qui relie toutes ces paires conceptuelles, Val\u00a0Plumwood, dans cet ouvrage pionnier de la pens\u00e9e \u00e9cof\u00e9ministe, questionne la tradition rationaliste, fondamentalement dualiste, en travaillant \u00e0 d\u00e9construire les multiples formes que peuvent rev\u00eatir les logiques de domination qui impr\u00e8gnent la pens\u00e9e occidentale.<\/p>\n","protected":false},"excerpt":{"rendered":"<p><strong>AUTEURE :<\/strong> Val Plumwood<br \/>\n<strong>EDITEUR :<\/strong> \u00c9ditions Dehors (2025)<\/p>\n<p><strong>BROCH\u00c9 :<\/strong> 336 pages<br \/>\n<strong>LANGUE :<\/strong> Fran\u00e7ais<br \/>\n<strong>ISBN13 :<\/strong> 978-2-3675-1039-2<\/p>\n","protected":false},"featured_media":45144,"template":"","meta":[],"product_brand":[],"product_cat":[658,209,202,162,292],"product_tag":[],"class_list":{"0":"post-45145","1":"product","2":"type-product","3":"status-publish","4":"has-post-thumbnail","6":"product_cat-ecofeminisme-en","7":"product_cat-environment-en","8":"product_cat-feminism-en","9":"product_cat-french-en","10":"product_cat-nature-en","12":"first","13":"instock","14":"taxable","15":"shipping-taxable","16":"purchasable","17":"product-type-simple"},"yoast_head":"<!-- This site is optimized with the Yoast SEO plugin v27.4 - https:\/\/yoast.com\/product\/yoast-seo-wordpress\/ -->\n<title>Le f\u00e9minisme et la ma\u00eetrise de la nature - Books on the Move<\/title>\n<meta name=\"robots\" content=\"index, follow, max-snippet:-1, max-image-preview:large, max-video-preview:-1\" \/>\n<link rel=\"canonical\" href=\"https:\/\/www.booksonthemove.fr\/produit\/le-feminisme-et-la-maitrise-de-la-nature\/\" \/>\n<meta property=\"og:locale\" content=\"en_US\" \/>\n<meta property=\"og:type\" content=\"article\" \/>\n<meta property=\"og:title\" content=\"Le f\u00e9minisme et la ma\u00eetrise de la nature - Books on the Move\" \/>\n<meta property=\"og:description\" content=\"AUTEURE : Val Plumwood EDITEUR : \u00c9ditions Dehors (2025)  BROCH\u00c9 : 336 pages LANGUE : Fran\u00e7ais ISBN13 : 978-2-3675-1039-2\" \/>\n<meta property=\"og:url\" content=\"https:\/\/www.booksonthemove.fr\/produit\/le-feminisme-et-la-maitrise-de-la-nature\/\" \/>\n<meta property=\"og:site_name\" content=\"Books on the Move\" \/>\n<meta property=\"article:publisher\" content=\"https:\/\/www.facebook.com\/Librairiebooksonthemove\/\" \/>\n<meta property=\"article:modified_time\" content=\"2025-04-17T08:50:56+00:00\" \/>\n<meta property=\"og:image\" content=\"https:\/\/www.booksonthemove.fr\/media\/bom_2917.jpeg\" \/>\n\t<meta property=\"og:image:width\" content=\"593\" \/>\n\t<meta property=\"og:image:height\" content=\"900\" \/>\n\t<meta property=\"og:image:type\" content=\"image\/jpeg\" \/>\n<meta name=\"twitter:card\" content=\"summary_large_image\" \/>\n<script type=\"application\/ld+json\" class=\"yoast-schema-graph\">{\"@context\":\"https:\\\/\\\/schema.org\",\"@graph\":[{\"@type\":\"WebPage\",\"@id\":\"https:\\\/\\\/www.booksonthemove.fr\\\/produit\\\/le-feminisme-et-la-maitrise-de-la-nature\\\/\",\"url\":\"https:\\\/\\\/www.booksonthemove.fr\\\/produit\\\/le-feminisme-et-la-maitrise-de-la-nature\\\/\",\"name\":\"Le f\u00e9minisme et la ma\u00eetrise de la nature - Books on the Move\",\"isPartOf\":{\"@id\":\"https:\\\/\\\/www.booksonthemove.fr\\\/#website\"},\"primaryImageOfPage\":{\"@id\":\"https:\\\/\\\/www.booksonthemove.fr\\\/produit\\\/le-feminisme-et-la-maitrise-de-la-nature\\\/#primaryimage\"},\"image\":{\"@id\":\"https:\\\/\\\/www.booksonthemove.fr\\\/produit\\\/le-feminisme-et-la-maitrise-de-la-nature\\\/#primaryimage\"},\"thumbnailUrl\":\"https:\\\/\\\/www.booksonthemove.fr\\\/media\\\/bom_2917.jpeg\",\"datePublished\":\"2025-04-08T09:36:14+00:00\",\"dateModified\":\"2025-04-17T08:50:56+00:00\",\"breadcrumb\":{\"@id\":\"https:\\\/\\\/www.booksonthemove.fr\\\/produit\\\/le-feminisme-et-la-maitrise-de-la-nature\\\/#breadcrumb\"},\"inLanguage\":\"en-US\",\"potentialAction\":[{\"@type\":\"ReadAction\",\"target\":[\"https:\\\/\\\/www.booksonthemove.fr\\\/produit\\\/le-feminisme-et-la-maitrise-de-la-nature\\\/\"]}]},{\"@type\":\"ImageObject\",\"inLanguage\":\"en-US\",\"@id\":\"https:\\\/\\\/www.booksonthemove.fr\\\/produit\\\/le-feminisme-et-la-maitrise-de-la-nature\\\/#primaryimage\",\"url\":\"https:\\\/\\\/www.booksonthemove.fr\\\/media\\\/bom_2917.jpeg\",\"contentUrl\":\"https:\\\/\\\/www.booksonthemove.fr\\\/media\\\/bom_2917.jpeg\",\"width\":593,\"height\":900},{\"@type\":\"BreadcrumbList\",\"@id\":\"https:\\\/\\\/www.booksonthemove.fr\\\/produit\\\/le-feminisme-et-la-maitrise-de-la-nature\\\/#breadcrumb\",\"itemListElement\":[{\"@type\":\"ListItem\",\"position\":1,\"name\":\"Accueil\",\"item\":\"https:\\\/\\\/www.booksonthemove.fr\\\/en\\\/\"},{\"@type\":\"ListItem\",\"position\":2,\"name\":\"online store\",\"item\":\"https:\\\/\\\/www.booksonthemove.fr\\\/en\\\/online-shop\\\/\"},{\"@type\":\"ListItem\",\"position\":3,\"name\":\"Le f\u00e9minisme et la ma\u00eetrise de la nature\"}]},{\"@type\":\"WebSite\",\"@id\":\"https:\\\/\\\/www.booksonthemove.fr\\\/#website\",\"url\":\"https:\\\/\\\/www.booksonthemove.fr\\\/\",\"name\":\"Books on the Move\",\"description\":\"librairie nomade - danse - mouvement - performance\",\"publisher\":{\"@id\":\"https:\\\/\\\/www.booksonthemove.fr\\\/#organization\"},\"potentialAction\":[{\"@type\":\"SearchAction\",\"target\":{\"@type\":\"EntryPoint\",\"urlTemplate\":\"https:\\\/\\\/www.booksonthemove.fr\\\/?s={search_term_string}\"},\"query-input\":{\"@type\":\"PropertyValueSpecification\",\"valueRequired\":true,\"valueName\":\"search_term_string\"}}],\"inLanguage\":\"en-US\"},{\"@type\":\"Organization\",\"@id\":\"https:\\\/\\\/www.booksonthemove.fr\\\/#organization\",\"name\":\"Books on the Move\",\"url\":\"https:\\\/\\\/www.booksonthemove.fr\\\/\",\"logo\":{\"@type\":\"ImageObject\",\"inLanguage\":\"en-US\",\"@id\":\"https:\\\/\\\/www.booksonthemove.fr\\\/#\\\/schema\\\/logo\\\/image\\\/\",\"url\":\"https:\\\/\\\/www.booksonthemove.fr\\\/media\\\/logo-NB-400.jpg\",\"contentUrl\":\"https:\\\/\\\/www.booksonthemove.fr\\\/media\\\/logo-NB-400.jpg\",\"width\":400,\"height\":143,\"caption\":\"Books on the Move\"},\"image\":{\"@id\":\"https:\\\/\\\/www.booksonthemove.fr\\\/#\\\/schema\\\/logo\\\/image\\\/\"},\"sameAs\":[\"https:\\\/\\\/www.facebook.com\\\/Librairiebooksonthemove\\\/\"]}]}<\/script>\n<!-- \/ Yoast SEO plugin. -->","yoast_head_json":{"title":"Le f\u00e9minisme et la ma\u00eetrise de la nature - Books on the Move","robots":{"index":"index","follow":"follow","max-snippet":"max-snippet:-1","max-image-preview":"max-image-preview:large","max-video-preview":"max-video-preview:-1"},"canonical":"https:\/\/www.booksonthemove.fr\/produit\/le-feminisme-et-la-maitrise-de-la-nature\/","og_locale":"en_US","og_type":"article","og_title":"Le f\u00e9minisme et la ma\u00eetrise de la nature - Books on the Move","og_description":"AUTEURE : Val Plumwood EDITEUR : \u00c9ditions Dehors (2025)  BROCH\u00c9 : 336 pages LANGUE : Fran\u00e7ais ISBN13 : 978-2-3675-1039-2","og_url":"https:\/\/www.booksonthemove.fr\/produit\/le-feminisme-et-la-maitrise-de-la-nature\/","og_site_name":"Books on the Move","article_publisher":"https:\/\/www.facebook.com\/Librairiebooksonthemove\/","article_modified_time":"2025-04-17T08:50:56+00:00","og_image":[{"width":593,"height":900,"url":"https:\/\/www.booksonthemove.fr\/media\/bom_2917.jpeg","type":"image\/jpeg"}],"twitter_card":"summary_large_image","schema":{"@context":"https:\/\/schema.org","@graph":[{"@type":"WebPage","@id":"https:\/\/www.booksonthemove.fr\/produit\/le-feminisme-et-la-maitrise-de-la-nature\/","url":"https:\/\/www.booksonthemove.fr\/produit\/le-feminisme-et-la-maitrise-de-la-nature\/","name":"Le f\u00e9minisme et la ma\u00eetrise de la nature - Books on the Move","isPartOf":{"@id":"https:\/\/www.booksonthemove.fr\/#website"},"primaryImageOfPage":{"@id":"https:\/\/www.booksonthemove.fr\/produit\/le-feminisme-et-la-maitrise-de-la-nature\/#primaryimage"},"image":{"@id":"https:\/\/www.booksonthemove.fr\/produit\/le-feminisme-et-la-maitrise-de-la-nature\/#primaryimage"},"thumbnailUrl":"https:\/\/www.booksonthemove.fr\/media\/bom_2917.jpeg","datePublished":"2025-04-08T09:36:14+00:00","dateModified":"2025-04-17T08:50:56+00:00","breadcrumb":{"@id":"https:\/\/www.booksonthemove.fr\/produit\/le-feminisme-et-la-maitrise-de-la-nature\/#breadcrumb"},"inLanguage":"en-US","potentialAction":[{"@type":"ReadAction","target":["https:\/\/www.booksonthemove.fr\/produit\/le-feminisme-et-la-maitrise-de-la-nature\/"]}]},{"@type":"ImageObject","inLanguage":"en-US","@id":"https:\/\/www.booksonthemove.fr\/produit\/le-feminisme-et-la-maitrise-de-la-nature\/#primaryimage","url":"https:\/\/www.booksonthemove.fr\/media\/bom_2917.jpeg","contentUrl":"https:\/\/www.booksonthemove.fr\/media\/bom_2917.jpeg","width":593,"height":900},{"@type":"BreadcrumbList","@id":"https:\/\/www.booksonthemove.fr\/produit\/le-feminisme-et-la-maitrise-de-la-nature\/#breadcrumb","itemListElement":[{"@type":"ListItem","position":1,"name":"Accueil","item":"https:\/\/www.booksonthemove.fr\/en\/"},{"@type":"ListItem","position":2,"name":"online store","item":"https:\/\/www.booksonthemove.fr\/en\/online-shop\/"},{"@type":"ListItem","position":3,"name":"Le f\u00e9minisme et la ma\u00eetrise de la nature"}]},{"@type":"WebSite","@id":"https:\/\/www.booksonthemove.fr\/#website","url":"https:\/\/www.booksonthemove.fr\/","name":"Books on the Move","description":"librairie nomade - danse - mouvement - performance","publisher":{"@id":"https:\/\/www.booksonthemove.fr\/#organization"},"potentialAction":[{"@type":"SearchAction","target":{"@type":"EntryPoint","urlTemplate":"https:\/\/www.booksonthemove.fr\/?s={search_term_string}"},"query-input":{"@type":"PropertyValueSpecification","valueRequired":true,"valueName":"search_term_string"}}],"inLanguage":"en-US"},{"@type":"Organization","@id":"https:\/\/www.booksonthemove.fr\/#organization","name":"Books on the Move","url":"https:\/\/www.booksonthemove.fr\/","logo":{"@type":"ImageObject","inLanguage":"en-US","@id":"https:\/\/www.booksonthemove.fr\/#\/schema\/logo\/image\/","url":"https:\/\/www.booksonthemove.fr\/media\/logo-NB-400.jpg","contentUrl":"https:\/\/www.booksonthemove.fr\/media\/logo-NB-400.jpg","width":400,"height":143,"caption":"Books on the Move"},"image":{"@id":"https:\/\/www.booksonthemove.fr\/#\/schema\/logo\/image\/"},"sameAs":["https:\/\/www.facebook.com\/Librairiebooksonthemove\/"]}]}},"_links":{"self":[{"href":"https:\/\/www.booksonthemove.fr\/en\/wp-json\/wp\/v2\/product\/45145","targetHints":{"allow":["GET"]}}],"collection":[{"href":"https:\/\/www.booksonthemove.fr\/en\/wp-json\/wp\/v2\/product"}],"about":[{"href":"https:\/\/www.booksonthemove.fr\/en\/wp-json\/wp\/v2\/types\/product"}],"wp:featuredmedia":[{"embeddable":true,"href":"https:\/\/www.booksonthemove.fr\/en\/wp-json\/wp\/v2\/media\/45144"}],"wp:attachment":[{"href":"https:\/\/www.booksonthemove.fr\/en\/wp-json\/wp\/v2\/media?parent=45145"}],"wp:term":[{"taxonomy":"product_brand","embeddable":true,"href":"https:\/\/www.booksonthemove.fr\/en\/wp-json\/wp\/v2\/product_brand?post=45145"},{"taxonomy":"product_cat","embeddable":true,"href":"https:\/\/www.booksonthemove.fr\/en\/wp-json\/wp\/v2\/product_cat?post=45145"},{"taxonomy":"product_tag","embeddable":true,"href":"https:\/\/www.booksonthemove.fr\/en\/wp-json\/wp\/v2\/product_tag?post=45145"}],"curies":[{"name":"wp","href":"https:\/\/api.w.org\/{rel}","templated":true}]}}