{"id":45338,"date":"2025-05-13T12:00:56","date_gmt":"2025-05-13T10:00:56","guid":{"rendered":"https:\/\/www.booksonthemove.fr\/produit\/ouvrir-la-scene-non-professionnel%c2%b7le%c2%b7s-et-figures-singulieres-au-theatre\/"},"modified":"2026-03-18T19:07:26","modified_gmt":"2026-03-18T18:07:26","slug":"ouvrir-la-scene-non-professionnel%c2%b7le%c2%b7s-et-figures-singulieres-au-theatre","status":"publish","type":"product","link":"https:\/\/www.booksonthemove.fr\/en\/produit\/ouvrir-la-scene-non-professionnel%c2%b7le%c2%b7s-et-figures-singulieres-au-theatre\/","title":{"rendered":"Ouvrir la sc\u00e8ne &#8211; Non-professionnel\u00b7le\u00b7s et figures singuli\u00e8res au th\u00e9\u00e2tre"},"content":{"rendered":"<p>Plusieurs propositions sc\u00e9niques contemporaines mettent en sc\u00e8ne des com\u00e9diennes et com\u00e9diens non-professionnel\u00b7le\u00b7s et des figures singuli\u00e8res. Iels appartiennent pour la plupart \u00e0 des \u00ab publics emp\u00each\u00e9s \u00bb : r\u00e9fugi\u00e9\u00b7es (les Cantieri Meticci), ex-d\u00e9tenu\u00b7es (<em>L\u2019Iliade<\/em> en prison), issu\u00b7es de quartiers populaires <em>(F(l)ammes)<\/em>, porteur\u00b7ses de handicaps (les ateliers de Madeleine Louarn). Ces cr\u00e9ations hors normes, parfois militantes, d\u00e9ploient des \u00e9carts entre nos cat\u00e9gories \u00ab claniques \u00bb et les r\u00e9alit\u00e9s irr\u00e9ductibles de chaque vie ou fiction.<br \/>\nDans cet ouvrage collectif, metteurs en sc\u00e8ne, com\u00e9dien\u00b7nes et th\u00e9oricien\u00b7nes reviennent sur les processus, les enjeux et les r\u00e9ceptions de ces propositions qui exposent le dispositif th\u00e9\u00e2tral ou le fragilisent.<\/p>\n<p>Quels sujets sensibles apparaissent sur sc\u00e8ne ? Que suscitent ces espaces d\u2019acc\u00e8s \u00e0 l\u2019attention et aux m\u00e9tamorphoses, quand c\u2019est de fiction qu\u2019il s\u2019agit ? De quelle fa\u00e7on ces cr\u00e9ations interrogent-elles nos taxonomies sociales ou esth\u00e9tiques, et en d\u00e9finitive, nos regards de spectateurs et spectatrices ?<\/p>\n<p>Gageons que ces mani\u00e8res de faire et d\u2019\u00eatre sur les plateaux viennent ouvrir nos sc\u00e8nes, instaurer de possibles liens et enrichir nos perceptions des autres dans l\u2019ordinaire de nos vies.<\/p>\n","protected":false},"excerpt":{"rendered":"<p><strong>AUTEURE :<\/strong> ouvrage collectif dirig\u00e9 par Rapha\u00eblle Doyon<br \/>\n<strong>EDITEUR :<\/strong> Deuxi\u00e8me \u00e9poque (2021)<br \/>\n<strong>COLLECTION : <\/strong>Lin\u00e9aris<\/p>\n<p><strong>BROCH\u00c9 :<\/strong> 228 pages<br \/>\n<strong>LANGUE :<\/strong>\u00a0Fran\u00e7ais<br \/>\n<strong>ISBN13 :<\/strong> 978-2-37769-068-8<\/p>\n","protected":false},"featured_media":45337,"template":"","meta":[],"product_brand":[],"product_cat":[162,290,169,241],"product_tag":[],"class_list":{"0":"post-45338","1":"product","2":"type-product","3":"status-publish","4":"has-post-thumbnail","6":"product_cat-french-en","7":"product_cat-disability-studies","8":"product_cat-interviews-conversations-en","9":"product_cat-theater-en","11":"first","12":"instock","13":"taxable","14":"shipping-taxable","15":"purchasable","16":"product-type-simple"},"yoast_head":"<!-- This site is optimized with the Yoast SEO plugin v27.4 - https:\/\/yoast.com\/product\/yoast-seo-wordpress\/ -->\n<title>Ouvrir la sc\u00e8ne - Non-professionnel\u00b7le\u00b7s et figures singuli\u00e8res au th\u00e9\u00e2tre - Books on the Move<\/title>\n<meta name=\"robots\" content=\"index, follow, max-snippet:-1, max-image-preview:large, max-video-preview:-1\" \/>\n<link rel=\"canonical\" href=\"https:\/\/www.booksonthemove.fr\/en\/produit\/ouvrir-la-scene-non-professionnel\u00b7le\u00b7s-et-figures-singulieres-au-theatre\/\" \/>\n<meta property=\"og:locale\" content=\"en_US\" \/>\n<meta property=\"og:type\" content=\"article\" \/>\n<meta property=\"og:title\" content=\"Ouvrir la sc\u00e8ne - Non-professionnel\u00b7le\u00b7s et figures singuli\u00e8res au th\u00e9\u00e2tre - Books on the Move\" \/>\n<meta property=\"og:description\" content=\"AUTEURE : ouvrage collectif dirig\u00e9 par Rapha\u00eblle Doyon EDITEUR : Deuxi\u00e8me \u00e9poque (2021) COLLECTION : Lin\u00e9aris  BROCH\u00c9 : 228 pages LANGUE :\u00a0Fran\u00e7ais ISBN13 : 978-2-37769-068-8\" \/>\n<meta property=\"og:url\" content=\"https:\/\/www.booksonthemove.fr\/en\/produit\/ouvrir-la-scene-non-professionnel\u00b7le\u00b7s-et-figures-singulieres-au-theatre\/\" \/>\n<meta property=\"og:site_name\" content=\"Books on the Move\" \/>\n<meta property=\"article:publisher\" content=\"https:\/\/www.facebook.com\/Librairiebooksonthemove\/\" \/>\n<meta property=\"article:modified_time\" content=\"2026-03-18T18:07:26+00:00\" \/>\n<meta property=\"og:image\" content=\"https:\/\/www.booksonthemove.fr\/media\/bom_2933.jpeg\" \/>\n\t<meta property=\"og:image:width\" content=\"529\" \/>\n\t<meta property=\"og:image:height\" content=\"800\" \/>\n\t<meta property=\"og:image:type\" content=\"image\/jpeg\" \/>\n<meta name=\"twitter:card\" content=\"summary_large_image\" \/>\n<script type=\"application\/ld+json\" class=\"yoast-schema-graph\">{\"@context\":\"https:\\\/\\\/schema.org\",\"@graph\":[{\"@type\":\"WebPage\",\"@id\":\"https:\\\/\\\/www.booksonthemove.fr\\\/en\\\/produit\\\/ouvrir-la-scene-non-professionnel%c2%b7le%c2%b7s-et-figures-singulieres-au-theatre\\\/\",\"url\":\"https:\\\/\\\/www.booksonthemove.fr\\\/en\\\/produit\\\/ouvrir-la-scene-non-professionnel%c2%b7le%c2%b7s-et-figures-singulieres-au-theatre\\\/\",\"name\":\"Ouvrir la sc\u00e8ne - Non-professionnel\u00b7le\u00b7s et figures singuli\u00e8res au th\u00e9\u00e2tre - Books on the Move\",\"isPartOf\":{\"@id\":\"https:\\\/\\\/www.booksonthemove.fr\\\/#website\"},\"primaryImageOfPage\":{\"@id\":\"https:\\\/\\\/www.booksonthemove.fr\\\/en\\\/produit\\\/ouvrir-la-scene-non-professionnel%c2%b7le%c2%b7s-et-figures-singulieres-au-theatre\\\/#primaryimage\"},\"image\":{\"@id\":\"https:\\\/\\\/www.booksonthemove.fr\\\/en\\\/produit\\\/ouvrir-la-scene-non-professionnel%c2%b7le%c2%b7s-et-figures-singulieres-au-theatre\\\/#primaryimage\"},\"thumbnailUrl\":\"https:\\\/\\\/www.booksonthemove.fr\\\/media\\\/bom_2933.jpeg\",\"datePublished\":\"2025-05-13T10:00:56+00:00\",\"dateModified\":\"2026-03-18T18:07:26+00:00\",\"breadcrumb\":{\"@id\":\"https:\\\/\\\/www.booksonthemove.fr\\\/en\\\/produit\\\/ouvrir-la-scene-non-professionnel%c2%b7le%c2%b7s-et-figures-singulieres-au-theatre\\\/#breadcrumb\"},\"inLanguage\":\"en-US\",\"potentialAction\":[{\"@type\":\"ReadAction\",\"target\":[\"https:\\\/\\\/www.booksonthemove.fr\\\/en\\\/produit\\\/ouvrir-la-scene-non-professionnel%c2%b7le%c2%b7s-et-figures-singulieres-au-theatre\\\/\"]}]},{\"@type\":\"ImageObject\",\"inLanguage\":\"en-US\",\"@id\":\"https:\\\/\\\/www.booksonthemove.fr\\\/en\\\/produit\\\/ouvrir-la-scene-non-professionnel%c2%b7le%c2%b7s-et-figures-singulieres-au-theatre\\\/#primaryimage\",\"url\":\"https:\\\/\\\/www.booksonthemove.fr\\\/media\\\/bom_2933.jpeg\",\"contentUrl\":\"https:\\\/\\\/www.booksonthemove.fr\\\/media\\\/bom_2933.jpeg\",\"width\":529,\"height\":800},{\"@type\":\"BreadcrumbList\",\"@id\":\"https:\\\/\\\/www.booksonthemove.fr\\\/en\\\/produit\\\/ouvrir-la-scene-non-professionnel%c2%b7le%c2%b7s-et-figures-singulieres-au-theatre\\\/#breadcrumb\",\"itemListElement\":[{\"@type\":\"ListItem\",\"position\":1,\"name\":\"Accueil\",\"item\":\"https:\\\/\\\/www.booksonthemove.fr\\\/en\\\/\"},{\"@type\":\"ListItem\",\"position\":2,\"name\":\"online store\",\"item\":\"https:\\\/\\\/www.booksonthemove.fr\\\/en\\\/online-shop\\\/\"},{\"@type\":\"ListItem\",\"position\":3,\"name\":\"Ouvrir la sc\u00e8ne &#8211; Non-professionnel\u00b7le\u00b7s et figures singuli\u00e8res au th\u00e9\u00e2tre\"}]},{\"@type\":\"WebSite\",\"@id\":\"https:\\\/\\\/www.booksonthemove.fr\\\/#website\",\"url\":\"https:\\\/\\\/www.booksonthemove.fr\\\/\",\"name\":\"Books on the Move\",\"description\":\"librairie nomade - danse - mouvement - performance\",\"publisher\":{\"@id\":\"https:\\\/\\\/www.booksonthemove.fr\\\/#organization\"},\"potentialAction\":[{\"@type\":\"SearchAction\",\"target\":{\"@type\":\"EntryPoint\",\"urlTemplate\":\"https:\\\/\\\/www.booksonthemove.fr\\\/?s={search_term_string}\"},\"query-input\":{\"@type\":\"PropertyValueSpecification\",\"valueRequired\":true,\"valueName\":\"search_term_string\"}}],\"inLanguage\":\"en-US\"},{\"@type\":\"Organization\",\"@id\":\"https:\\\/\\\/www.booksonthemove.fr\\\/#organization\",\"name\":\"Books on the Move\",\"url\":\"https:\\\/\\\/www.booksonthemove.fr\\\/\",\"logo\":{\"@type\":\"ImageObject\",\"inLanguage\":\"en-US\",\"@id\":\"https:\\\/\\\/www.booksonthemove.fr\\\/#\\\/schema\\\/logo\\\/image\\\/\",\"url\":\"https:\\\/\\\/www.booksonthemove.fr\\\/media\\\/logo-NB-400.jpg\",\"contentUrl\":\"https:\\\/\\\/www.booksonthemove.fr\\\/media\\\/logo-NB-400.jpg\",\"width\":400,\"height\":143,\"caption\":\"Books on the Move\"},\"image\":{\"@id\":\"https:\\\/\\\/www.booksonthemove.fr\\\/#\\\/schema\\\/logo\\\/image\\\/\"},\"sameAs\":[\"https:\\\/\\\/www.facebook.com\\\/Librairiebooksonthemove\\\/\"]}]}<\/script>\n<!-- \/ Yoast SEO plugin. -->","yoast_head_json":{"title":"Ouvrir la sc\u00e8ne - Non-professionnel\u00b7le\u00b7s et figures singuli\u00e8res au th\u00e9\u00e2tre - Books on the Move","robots":{"index":"index","follow":"follow","max-snippet":"max-snippet:-1","max-image-preview":"max-image-preview:large","max-video-preview":"max-video-preview:-1"},"canonical":"https:\/\/www.booksonthemove.fr\/en\/produit\/ouvrir-la-scene-non-professionnel\u00b7le\u00b7s-et-figures-singulieres-au-theatre\/","og_locale":"en_US","og_type":"article","og_title":"Ouvrir la sc\u00e8ne - Non-professionnel\u00b7le\u00b7s et figures singuli\u00e8res au th\u00e9\u00e2tre - Books on the Move","og_description":"AUTEURE : ouvrage collectif dirig\u00e9 par Rapha\u00eblle Doyon EDITEUR : Deuxi\u00e8me \u00e9poque (2021) COLLECTION : Lin\u00e9aris  BROCH\u00c9 : 228 pages LANGUE :\u00a0Fran\u00e7ais ISBN13 : 978-2-37769-068-8","og_url":"https:\/\/www.booksonthemove.fr\/en\/produit\/ouvrir-la-scene-non-professionnel\u00b7le\u00b7s-et-figures-singulieres-au-theatre\/","og_site_name":"Books on the Move","article_publisher":"https:\/\/www.facebook.com\/Librairiebooksonthemove\/","article_modified_time":"2026-03-18T18:07:26+00:00","og_image":[{"width":529,"height":800,"url":"https:\/\/www.booksonthemove.fr\/media\/bom_2933.jpeg","type":"image\/jpeg"}],"twitter_card":"summary_large_image","schema":{"@context":"https:\/\/schema.org","@graph":[{"@type":"WebPage","@id":"https:\/\/www.booksonthemove.fr\/en\/produit\/ouvrir-la-scene-non-professionnel%c2%b7le%c2%b7s-et-figures-singulieres-au-theatre\/","url":"https:\/\/www.booksonthemove.fr\/en\/produit\/ouvrir-la-scene-non-professionnel%c2%b7le%c2%b7s-et-figures-singulieres-au-theatre\/","name":"Ouvrir la sc\u00e8ne - Non-professionnel\u00b7le\u00b7s et figures singuli\u00e8res au th\u00e9\u00e2tre - Books on the Move","isPartOf":{"@id":"https:\/\/www.booksonthemove.fr\/#website"},"primaryImageOfPage":{"@id":"https:\/\/www.booksonthemove.fr\/en\/produit\/ouvrir-la-scene-non-professionnel%c2%b7le%c2%b7s-et-figures-singulieres-au-theatre\/#primaryimage"},"image":{"@id":"https:\/\/www.booksonthemove.fr\/en\/produit\/ouvrir-la-scene-non-professionnel%c2%b7le%c2%b7s-et-figures-singulieres-au-theatre\/#primaryimage"},"thumbnailUrl":"https:\/\/www.booksonthemove.fr\/media\/bom_2933.jpeg","datePublished":"2025-05-13T10:00:56+00:00","dateModified":"2026-03-18T18:07:26+00:00","breadcrumb":{"@id":"https:\/\/www.booksonthemove.fr\/en\/produit\/ouvrir-la-scene-non-professionnel%c2%b7le%c2%b7s-et-figures-singulieres-au-theatre\/#breadcrumb"},"inLanguage":"en-US","potentialAction":[{"@type":"ReadAction","target":["https:\/\/www.booksonthemove.fr\/en\/produit\/ouvrir-la-scene-non-professionnel%c2%b7le%c2%b7s-et-figures-singulieres-au-theatre\/"]}]},{"@type":"ImageObject","inLanguage":"en-US","@id":"https:\/\/www.booksonthemove.fr\/en\/produit\/ouvrir-la-scene-non-professionnel%c2%b7le%c2%b7s-et-figures-singulieres-au-theatre\/#primaryimage","url":"https:\/\/www.booksonthemove.fr\/media\/bom_2933.jpeg","contentUrl":"https:\/\/www.booksonthemove.fr\/media\/bom_2933.jpeg","width":529,"height":800},{"@type":"BreadcrumbList","@id":"https:\/\/www.booksonthemove.fr\/en\/produit\/ouvrir-la-scene-non-professionnel%c2%b7le%c2%b7s-et-figures-singulieres-au-theatre\/#breadcrumb","itemListElement":[{"@type":"ListItem","position":1,"name":"Accueil","item":"https:\/\/www.booksonthemove.fr\/en\/"},{"@type":"ListItem","position":2,"name":"online store","item":"https:\/\/www.booksonthemove.fr\/en\/online-shop\/"},{"@type":"ListItem","position":3,"name":"Ouvrir la sc\u00e8ne &#8211; Non-professionnel\u00b7le\u00b7s et figures singuli\u00e8res au th\u00e9\u00e2tre"}]},{"@type":"WebSite","@id":"https:\/\/www.booksonthemove.fr\/#website","url":"https:\/\/www.booksonthemove.fr\/","name":"Books on the Move","description":"librairie nomade - danse - mouvement - performance","publisher":{"@id":"https:\/\/www.booksonthemove.fr\/#organization"},"potentialAction":[{"@type":"SearchAction","target":{"@type":"EntryPoint","urlTemplate":"https:\/\/www.booksonthemove.fr\/?s={search_term_string}"},"query-input":{"@type":"PropertyValueSpecification","valueRequired":true,"valueName":"search_term_string"}}],"inLanguage":"en-US"},{"@type":"Organization","@id":"https:\/\/www.booksonthemove.fr\/#organization","name":"Books on the Move","url":"https:\/\/www.booksonthemove.fr\/","logo":{"@type":"ImageObject","inLanguage":"en-US","@id":"https:\/\/www.booksonthemove.fr\/#\/schema\/logo\/image\/","url":"https:\/\/www.booksonthemove.fr\/media\/logo-NB-400.jpg","contentUrl":"https:\/\/www.booksonthemove.fr\/media\/logo-NB-400.jpg","width":400,"height":143,"caption":"Books on the Move"},"image":{"@id":"https:\/\/www.booksonthemove.fr\/#\/schema\/logo\/image\/"},"sameAs":["https:\/\/www.facebook.com\/Librairiebooksonthemove\/"]}]}},"_links":{"self":[{"href":"https:\/\/www.booksonthemove.fr\/en\/wp-json\/wp\/v2\/product\/45338","targetHints":{"allow":["GET"]}}],"collection":[{"href":"https:\/\/www.booksonthemove.fr\/en\/wp-json\/wp\/v2\/product"}],"about":[{"href":"https:\/\/www.booksonthemove.fr\/en\/wp-json\/wp\/v2\/types\/product"}],"wp:featuredmedia":[{"embeddable":true,"href":"https:\/\/www.booksonthemove.fr\/en\/wp-json\/wp\/v2\/media\/45337"}],"wp:attachment":[{"href":"https:\/\/www.booksonthemove.fr\/en\/wp-json\/wp\/v2\/media?parent=45338"}],"wp:term":[{"taxonomy":"product_brand","embeddable":true,"href":"https:\/\/www.booksonthemove.fr\/en\/wp-json\/wp\/v2\/product_brand?post=45338"},{"taxonomy":"product_cat","embeddable":true,"href":"https:\/\/www.booksonthemove.fr\/en\/wp-json\/wp\/v2\/product_cat?post=45338"},{"taxonomy":"product_tag","embeddable":true,"href":"https:\/\/www.booksonthemove.fr\/en\/wp-json\/wp\/v2\/product_tag?post=45338"}],"curies":[{"name":"wp","href":"https:\/\/api.w.org\/{rel}","templated":true}]}}