{"id":45361,"date":"2025-10-01T17:00:23","date_gmt":"2025-10-01T15:00:23","guid":{"rendered":"https:\/\/www.booksonthemove.fr\/produit\/se-defendre-une-philosophie-de-la-violence\/"},"modified":"2026-04-02T11:32:52","modified_gmt":"2026-04-02T09:32:52","slug":"se-defendre-une-philosophie-de-la-violence","status":"publish","type":"product","link":"https:\/\/www.booksonthemove.fr\/en\/produit\/se-defendre-une-philosophie-de-la-violence\/","title":{"rendered":"Se d\u00e9fendre &#8211; Une philosophie de la violence"},"content":{"rendered":"<p>En 1685, le Code noir d\u00e9fendait &#8221; aux esclaves de porter aucune arme offensive ni de gros b\u00e2tons &#8221; sous peine de fouet. Au XIXe si\u00e8cle, en Alg\u00e9rie, l&#8217;\u00c9tat colonial interdisait les armes aux indig\u00e8nes, tout en accordant aux colons le droit de s&#8217;armer. Aujourd&#8217;hui, certaines vies comptent si peu que l&#8217;on peut tirer dans le dos d&#8217;un adolescent noir au pr\u00e9texte qu&#8217;il \u00e9tait &#8220;mena\u00e7ant&#8221;.<br \/>\nUne ligne de partage oppose historiquement les corps &#8221; dignes d&#8217;\u00eatre d\u00e9fendus &#8221; \u00e0 ceux qui, d\u00e9sarm\u00e9s ou rendus ind\u00e9fendables, sont laiss\u00e9s sans d\u00e9fense. Ce &#8221; d\u00e9sarmement &#8221; organis\u00e9 des subalternes pose directement, pour tout \u00e9lan de lib\u00e9ration, la question du recours \u00e0 la violence pour sa propre d\u00e9fense.<br \/>\nDes r\u00e9sistances esclaves au ju-jitsu des suffragistes, de l&#8217;insurrection du ghetto de Varsovie aux Black Panthers ou aux patrouilles <i>queer<\/i>, Elsa Dorlin retrace une g\u00e9n\u00e9alogie de l&#8217;autod\u00e9fense politique. Sous l&#8217;histoire officielle de la l\u00e9gitime d\u00e9fense affleurent des &#8221; \u00e9thiques martiales de soi &#8220;, pratiques ensevelies o\u00f9 le fait de se d\u00e9fendre en attaquant appara\u00eet comme la condition de possibilit\u00e9 de sa survie comme de son devenir politique. Cette histoire de la violence \u00e9claire la d\u00e9finition m\u00eame de la subjectivit\u00e9 moderne, telle qu&#8217;elle est pens\u00e9e dans et par les politiques de s\u00e9curit\u00e9 contemporaines, et implique une relecture critique de la philosophie politique, o\u00f9 Hobbes et Locke c\u00f4toient Frantz Fanon, Michel Foucault, Malcolm X, June Jordan ou Judith Butler.<\/p>\n","protected":false},"excerpt":{"rendered":"<p><strong>AUTRICE :<\/strong> Else Dorlin<br \/>\n<strong>\u00c9DITEUR :<\/strong> La D\u00e9couverte (2019)<\/p>\n<p><strong>BROCH\u00c9 :<\/strong> 288 pages<br \/>\n<strong>LANGUE :<\/strong>\u00a0Fran\u00e7ais<br \/>\n<strong>ISBN13 :<\/strong> 9782348054693<\/p>\n","protected":false},"featured_media":45360,"template":"","meta":[],"product_brand":[],"product_cat":[727,749,162,330,206,148],"product_tag":[],"class_list":{"0":"post-45361","1":"product","2":"type-product","3":"status-publish","4":"has-post-thumbnail","6":"product_cat-anti-postcolonialism-en","7":"product_cat-colonialisme-en","8":"product_cat-french-en","9":"product_cat-non-classe","10":"product_cat-philosophy-aesthetics-en","11":"product_cat-politics-en","13":"first","14":"instock","15":"taxable","16":"shipping-taxable","17":"purchasable","18":"product-type-simple"},"yoast_head":"<!-- This site is optimized with the Yoast SEO plugin v27.4 - https:\/\/yoast.com\/product\/yoast-seo-wordpress\/ -->\n<title>Se d\u00e9fendre - Une philosophie de la violence - Books on the Move<\/title>\n<meta name=\"robots\" content=\"index, follow, max-snippet:-1, max-image-preview:large, max-video-preview:-1\" \/>\n<link rel=\"canonical\" href=\"https:\/\/www.booksonthemove.fr\/en\/produit\/se-defendre-une-philosophie-de-la-violence\/\" \/>\n<meta property=\"og:locale\" content=\"en_US\" \/>\n<meta property=\"og:type\" content=\"article\" \/>\n<meta property=\"og:title\" content=\"Se d\u00e9fendre - Une philosophie de la violence - Books on the Move\" \/>\n<meta property=\"og:description\" content=\"AUTRICE : Else Dorlin \u00c9DITEUR : La D\u00e9couverte (2019)  BROCH\u00c9 : 288 pages LANGUE :\u00a0Fran\u00e7ais ISBN13 : 9782348054693\" \/>\n<meta property=\"og:url\" content=\"https:\/\/www.booksonthemove.fr\/en\/produit\/se-defendre-une-philosophie-de-la-violence\/\" \/>\n<meta property=\"og:site_name\" content=\"Books on the Move\" \/>\n<meta property=\"article:publisher\" content=\"https:\/\/www.facebook.com\/Librairiebooksonthemove\/\" \/>\n<meta property=\"article:modified_time\" content=\"2026-04-02T09:32:52+00:00\" \/>\n<meta property=\"og:image\" content=\"https:\/\/www.booksonthemove.fr\/media\/bom_2856.jpg\" \/>\n\t<meta property=\"og:image:width\" content=\"588\" \/>\n\t<meta property=\"og:image:height\" content=\"900\" \/>\n\t<meta property=\"og:image:type\" content=\"image\/jpeg\" \/>\n<meta name=\"twitter:card\" content=\"summary_large_image\" \/>\n<script type=\"application\/ld+json\" class=\"yoast-schema-graph\">{\"@context\":\"https:\\\/\\\/schema.org\",\"@graph\":[{\"@type\":\"WebPage\",\"@id\":\"https:\\\/\\\/www.booksonthemove.fr\\\/en\\\/produit\\\/se-defendre-une-philosophie-de-la-violence\\\/\",\"url\":\"https:\\\/\\\/www.booksonthemove.fr\\\/en\\\/produit\\\/se-defendre-une-philosophie-de-la-violence\\\/\",\"name\":\"Se d\u00e9fendre - Une philosophie de la violence - Books on the Move\",\"isPartOf\":{\"@id\":\"https:\\\/\\\/www.booksonthemove.fr\\\/#website\"},\"primaryImageOfPage\":{\"@id\":\"https:\\\/\\\/www.booksonthemove.fr\\\/en\\\/produit\\\/se-defendre-une-philosophie-de-la-violence\\\/#primaryimage\"},\"image\":{\"@id\":\"https:\\\/\\\/www.booksonthemove.fr\\\/en\\\/produit\\\/se-defendre-une-philosophie-de-la-violence\\\/#primaryimage\"},\"thumbnailUrl\":\"https:\\\/\\\/www.booksonthemove.fr\\\/media\\\/bom_2856.jpg\",\"datePublished\":\"2025-10-01T15:00:23+00:00\",\"dateModified\":\"2026-04-02T09:32:52+00:00\",\"breadcrumb\":{\"@id\":\"https:\\\/\\\/www.booksonthemove.fr\\\/en\\\/produit\\\/se-defendre-une-philosophie-de-la-violence\\\/#breadcrumb\"},\"inLanguage\":\"en-US\",\"potentialAction\":[{\"@type\":\"ReadAction\",\"target\":[\"https:\\\/\\\/www.booksonthemove.fr\\\/en\\\/produit\\\/se-defendre-une-philosophie-de-la-violence\\\/\"]}]},{\"@type\":\"ImageObject\",\"inLanguage\":\"en-US\",\"@id\":\"https:\\\/\\\/www.booksonthemove.fr\\\/en\\\/produit\\\/se-defendre-une-philosophie-de-la-violence\\\/#primaryimage\",\"url\":\"https:\\\/\\\/www.booksonthemove.fr\\\/media\\\/bom_2856.jpg\",\"contentUrl\":\"https:\\\/\\\/www.booksonthemove.fr\\\/media\\\/bom_2856.jpg\",\"width\":588,\"height\":900},{\"@type\":\"BreadcrumbList\",\"@id\":\"https:\\\/\\\/www.booksonthemove.fr\\\/en\\\/produit\\\/se-defendre-une-philosophie-de-la-violence\\\/#breadcrumb\",\"itemListElement\":[{\"@type\":\"ListItem\",\"position\":1,\"name\":\"Accueil\",\"item\":\"https:\\\/\\\/www.booksonthemove.fr\\\/en\\\/\"},{\"@type\":\"ListItem\",\"position\":2,\"name\":\"online store\",\"item\":\"https:\\\/\\\/www.booksonthemove.fr\\\/en\\\/online-shop\\\/\"},{\"@type\":\"ListItem\",\"position\":3,\"name\":\"Se d\u00e9fendre &#8211; Une philosophie de la violence\"}]},{\"@type\":\"WebSite\",\"@id\":\"https:\\\/\\\/www.booksonthemove.fr\\\/#website\",\"url\":\"https:\\\/\\\/www.booksonthemove.fr\\\/\",\"name\":\"Books on the Move\",\"description\":\"librairie nomade - danse - mouvement - performance\",\"publisher\":{\"@id\":\"https:\\\/\\\/www.booksonthemove.fr\\\/#organization\"},\"potentialAction\":[{\"@type\":\"SearchAction\",\"target\":{\"@type\":\"EntryPoint\",\"urlTemplate\":\"https:\\\/\\\/www.booksonthemove.fr\\\/?s={search_term_string}\"},\"query-input\":{\"@type\":\"PropertyValueSpecification\",\"valueRequired\":true,\"valueName\":\"search_term_string\"}}],\"inLanguage\":\"en-US\"},{\"@type\":\"Organization\",\"@id\":\"https:\\\/\\\/www.booksonthemove.fr\\\/#organization\",\"name\":\"Books on the Move\",\"url\":\"https:\\\/\\\/www.booksonthemove.fr\\\/\",\"logo\":{\"@type\":\"ImageObject\",\"inLanguage\":\"en-US\",\"@id\":\"https:\\\/\\\/www.booksonthemove.fr\\\/#\\\/schema\\\/logo\\\/image\\\/\",\"url\":\"https:\\\/\\\/www.booksonthemove.fr\\\/media\\\/logo-NB-400.jpg\",\"contentUrl\":\"https:\\\/\\\/www.booksonthemove.fr\\\/media\\\/logo-NB-400.jpg\",\"width\":400,\"height\":143,\"caption\":\"Books on the Move\"},\"image\":{\"@id\":\"https:\\\/\\\/www.booksonthemove.fr\\\/#\\\/schema\\\/logo\\\/image\\\/\"},\"sameAs\":[\"https:\\\/\\\/www.facebook.com\\\/Librairiebooksonthemove\\\/\"]}]}<\/script>\n<!-- \/ Yoast SEO plugin. -->","yoast_head_json":{"title":"Se d\u00e9fendre - Une philosophie de la violence - Books on the Move","robots":{"index":"index","follow":"follow","max-snippet":"max-snippet:-1","max-image-preview":"max-image-preview:large","max-video-preview":"max-video-preview:-1"},"canonical":"https:\/\/www.booksonthemove.fr\/en\/produit\/se-defendre-une-philosophie-de-la-violence\/","og_locale":"en_US","og_type":"article","og_title":"Se d\u00e9fendre - Une philosophie de la violence - Books on the Move","og_description":"AUTRICE : Else Dorlin \u00c9DITEUR : La D\u00e9couverte (2019)  BROCH\u00c9 : 288 pages LANGUE :\u00a0Fran\u00e7ais ISBN13 : 9782348054693","og_url":"https:\/\/www.booksonthemove.fr\/en\/produit\/se-defendre-une-philosophie-de-la-violence\/","og_site_name":"Books on the Move","article_publisher":"https:\/\/www.facebook.com\/Librairiebooksonthemove\/","article_modified_time":"2026-04-02T09:32:52+00:00","og_image":[{"width":588,"height":900,"url":"https:\/\/www.booksonthemove.fr\/media\/bom_2856.jpg","type":"image\/jpeg"}],"twitter_card":"summary_large_image","schema":{"@context":"https:\/\/schema.org","@graph":[{"@type":"WebPage","@id":"https:\/\/www.booksonthemove.fr\/en\/produit\/se-defendre-une-philosophie-de-la-violence\/","url":"https:\/\/www.booksonthemove.fr\/en\/produit\/se-defendre-une-philosophie-de-la-violence\/","name":"Se d\u00e9fendre - Une philosophie de la violence - Books on the Move","isPartOf":{"@id":"https:\/\/www.booksonthemove.fr\/#website"},"primaryImageOfPage":{"@id":"https:\/\/www.booksonthemove.fr\/en\/produit\/se-defendre-une-philosophie-de-la-violence\/#primaryimage"},"image":{"@id":"https:\/\/www.booksonthemove.fr\/en\/produit\/se-defendre-une-philosophie-de-la-violence\/#primaryimage"},"thumbnailUrl":"https:\/\/www.booksonthemove.fr\/media\/bom_2856.jpg","datePublished":"2025-10-01T15:00:23+00:00","dateModified":"2026-04-02T09:32:52+00:00","breadcrumb":{"@id":"https:\/\/www.booksonthemove.fr\/en\/produit\/se-defendre-une-philosophie-de-la-violence\/#breadcrumb"},"inLanguage":"en-US","potentialAction":[{"@type":"ReadAction","target":["https:\/\/www.booksonthemove.fr\/en\/produit\/se-defendre-une-philosophie-de-la-violence\/"]}]},{"@type":"ImageObject","inLanguage":"en-US","@id":"https:\/\/www.booksonthemove.fr\/en\/produit\/se-defendre-une-philosophie-de-la-violence\/#primaryimage","url":"https:\/\/www.booksonthemove.fr\/media\/bom_2856.jpg","contentUrl":"https:\/\/www.booksonthemove.fr\/media\/bom_2856.jpg","width":588,"height":900},{"@type":"BreadcrumbList","@id":"https:\/\/www.booksonthemove.fr\/en\/produit\/se-defendre-une-philosophie-de-la-violence\/#breadcrumb","itemListElement":[{"@type":"ListItem","position":1,"name":"Accueil","item":"https:\/\/www.booksonthemove.fr\/en\/"},{"@type":"ListItem","position":2,"name":"online store","item":"https:\/\/www.booksonthemove.fr\/en\/online-shop\/"},{"@type":"ListItem","position":3,"name":"Se d\u00e9fendre &#8211; Une philosophie de la violence"}]},{"@type":"WebSite","@id":"https:\/\/www.booksonthemove.fr\/#website","url":"https:\/\/www.booksonthemove.fr\/","name":"Books on the Move","description":"librairie nomade - danse - mouvement - performance","publisher":{"@id":"https:\/\/www.booksonthemove.fr\/#organization"},"potentialAction":[{"@type":"SearchAction","target":{"@type":"EntryPoint","urlTemplate":"https:\/\/www.booksonthemove.fr\/?s={search_term_string}"},"query-input":{"@type":"PropertyValueSpecification","valueRequired":true,"valueName":"search_term_string"}}],"inLanguage":"en-US"},{"@type":"Organization","@id":"https:\/\/www.booksonthemove.fr\/#organization","name":"Books on the Move","url":"https:\/\/www.booksonthemove.fr\/","logo":{"@type":"ImageObject","inLanguage":"en-US","@id":"https:\/\/www.booksonthemove.fr\/#\/schema\/logo\/image\/","url":"https:\/\/www.booksonthemove.fr\/media\/logo-NB-400.jpg","contentUrl":"https:\/\/www.booksonthemove.fr\/media\/logo-NB-400.jpg","width":400,"height":143,"caption":"Books on the Move"},"image":{"@id":"https:\/\/www.booksonthemove.fr\/#\/schema\/logo\/image\/"},"sameAs":["https:\/\/www.facebook.com\/Librairiebooksonthemove\/"]}]}},"_links":{"self":[{"href":"https:\/\/www.booksonthemove.fr\/en\/wp-json\/wp\/v2\/product\/45361","targetHints":{"allow":["GET"]}}],"collection":[{"href":"https:\/\/www.booksonthemove.fr\/en\/wp-json\/wp\/v2\/product"}],"about":[{"href":"https:\/\/www.booksonthemove.fr\/en\/wp-json\/wp\/v2\/types\/product"}],"wp:featuredmedia":[{"embeddable":true,"href":"https:\/\/www.booksonthemove.fr\/en\/wp-json\/wp\/v2\/media\/45360"}],"wp:attachment":[{"href":"https:\/\/www.booksonthemove.fr\/en\/wp-json\/wp\/v2\/media?parent=45361"}],"wp:term":[{"taxonomy":"product_brand","embeddable":true,"href":"https:\/\/www.booksonthemove.fr\/en\/wp-json\/wp\/v2\/product_brand?post=45361"},{"taxonomy":"product_cat","embeddable":true,"href":"https:\/\/www.booksonthemove.fr\/en\/wp-json\/wp\/v2\/product_cat?post=45361"},{"taxonomy":"product_tag","embeddable":true,"href":"https:\/\/www.booksonthemove.fr\/en\/wp-json\/wp\/v2\/product_tag?post=45361"}],"curies":[{"name":"wp","href":"https:\/\/api.w.org\/{rel}","templated":true}]}}