{"id":7677,"date":"2019-09-23T15:52:02","date_gmt":"2019-09-23T13:52:02","guid":{"rendered":"https:\/\/www.booksonthemove.fr\/produit\/jamais-ensemble-mais-en-meme-temps-nunca-juntos-mas-ao-mesmo-tempo\/"},"modified":"2023-09-06T15:55:58","modified_gmt":"2023-09-06T13:55:58","slug":"jamais-ensemble-mais-en-meme-temps-nunca-juntos-mas-ao-mesmo-tempo","status":"publish","type":"product","link":"https:\/\/www.booksonthemove.fr\/en\/produit\/jamais-ensemble-mais-en-meme-temps-nunca-juntos-mas-ao-mesmo-tempo\/","title":{"rendered":"Jamais ensemble mais en m\u00eame temps\/Nunca juntos mas ao mesmo tempo"},"content":{"rendered":"<p class=\"bodytext\">La litt\u00e9rature est un secret, un myst\u00e8re. Le r\u00e9cit de Wagner Schwartz reconduit cette surprise et, plus encore, d\u2019une fa\u00e7on renouvel\u00e9e, construit une histoire au sens fort du terme \u2014 celle d\u2019Adeline \u2014, qui perturbe et fascine par un syst\u00e8me de r\u00e9v\u00e9lations et de silences. Et c\u2019est cela qui nous interpelle, cette fa\u00e7on de retenir l\u2019information romanesque, de faire de ces creux, de ces absences, de ces blancs, un \u00e9l\u00e9ment narratif.<\/p>\n<p class=\"bodytext\">Le personnage d\u2019Adeline est pourtant puissamment pr\u00e9sent \u00e0 travers les relations qu\u2019elle entretient avec son entourage : le caf\u00e9 o\u00f9 elle travaille, l\u2019amie qu\u2019elle fr\u00e9quente, l\u2019amant. Cette relation avec le monde tisse litt\u00e9ralement un \u00e9cheveau qui dessine une personnalit\u00e9.<\/p>\n<p class=\"bodytext\">Ce qui saute aux yeux dans ce r\u00e9cit \u2014 et cette fois l\u2019expression est absolument justifi\u00e9e \u2014, c\u2019est d\u2019abord l\u2019inscription m\u00eame du texte dans la page, le vide autour du texte. Cela n\u2019est pas un simple dispositif \u00e9ditorial, mais bien une intention d\u2019\u00e9criture, comme si l\u2019auteur \u00e9crivait aussi avec le vide. Le personnage lui-m\u00eame est inscrit dans le monde de la m\u00eame mani\u00e8re, par ce qu\u2019il refuse d\u2019expliquer, de dire, de raconter. Adeline revient souvent sur ce besoin, ou cette volont\u00e9 farouche de garder pour elle certains \u00e9l\u00e9ments du r\u00e9cit. C\u2019est par ce proc\u00e9d\u00e9 que le lecteur entre dans le roman, il suppose, invente, reconstitue. C\u2019est tout ce qui anime le rite litt\u00e9raire en jeu : le manque, la r\u00e9sonance, l\u2019espace partag\u00e9 entre le lecteur et le personnage, l\u2019\u00e9change. L\u2019\u00e9motion s\u2019installe, se creuse comme le silence sur un visage en sculpte les traits.<\/p>\n<p class=\"bodytext\">On saisit progressivement les enjeux, les forces de tensions \u2014 le travail et ses obligations, l\u2019amour et ses d\u00e9ceptions, l\u2019amiti\u00e9, la maternit\u00e9. Tout circule, tout fait sens, le mot et ce qui le suit : le blanc. Comme une vibration, un trouble, une empathie inexplicable, un lien entre les \u00eatres, un lien tragique au sens premier, un lien qui contient tout le tissu des vies.<\/p>\n<p class=\"bodytext\">Jamais ensemble mais en m\u00eame temps, dit le titre. Cet \u00e9nonc\u00e9 parabolique d\u00e9voile et pr\u00e9cise l\u2019approche de l\u2019auteur : rendre compte du paradoxe de toute humanit\u00e9, cette s\u00e9paration originelle et pourtant conjointe, simultan\u00e9e des existences.<\/p>\n<p class=\"bodytext\">Adeline est une figure famili\u00e8re, une figure de nous-m\u00eame, un reflet complexe. Elle est partag\u00e9e entre son souci et son application consciencieuse \u00e0 faire ce qu\u2019elle a \u00e0 faire et vivre sa vie. Et nous la suivons, nous la regardons, nous l\u2019entendons, nous buvons ses paroles et acceptons ses refus.<\/p>\n<p class=\"bodytext\">Schwartz parvient \u00e0 sa fa\u00e7on, avec son propre vocabulaire, sa mani\u00e8re profond\u00e9ment po\u00e9tique, \u00e0 convoquer un monde, \u00e0 inaugurer un r\u00e9seau d\u2019images, de moments, de paroles. Et il trace un sillon nouveau, audacieux, qui, demeure apr\u00e8s la lecture, suspendu en nous, une r\u00e9ussite du sens et de la ligne des destins.<\/p>\n","protected":false},"excerpt":{"rendered":"<p>Auteur: Wagner Schwartz<br \/>\nEditeur: N\u00f3s (2018)<\/p>\n<p>Broch\u00e9: 176 pages<br \/>\nLangue: Fran\u00e7ais\/Portugais<br \/>\nISBN13: 978-85-69020-34-9<\/p>\n","protected":false},"featured_media":7676,"template":"","meta":[],"product_brand":[],"product_cat":[258,350,162],"product_tag":[],"class_list":{"0":"post-7677","1":"product","2":"type-product","3":"status-publish","4":"has-post-thumbnail","6":"product_cat-other-languages","7":"product_cat-fiction-en","8":"product_cat-french-en","10":"first","11":"outofstock","12":"taxable","13":"shipping-taxable","14":"purchasable","15":"product-type-simple"},"yoast_head":"<!-- This site is optimized with the Yoast SEO plugin v27.4 - https:\/\/yoast.com\/product\/yoast-seo-wordpress\/ -->\n<title>Jamais ensemble mais en m\u00eame temps\/Nunca juntos mas ao mesmo tempo - Books on the Move<\/title>\n<meta name=\"robots\" content=\"index, follow, max-snippet:-1, max-image-preview:large, max-video-preview:-1\" \/>\n<link rel=\"canonical\" href=\"https:\/\/www.booksonthemove.fr\/produit\/jamais-ensemble-mais-en-meme-temps-nunca-juntos-mas-ao-mesmo-tempo\/\" \/>\n<meta property=\"og:locale\" content=\"en_US\" \/>\n<meta property=\"og:type\" content=\"article\" \/>\n<meta property=\"og:title\" content=\"Jamais ensemble mais en m\u00eame temps\/Nunca juntos mas ao mesmo tempo - Books on the Move\" \/>\n<meta property=\"og:description\" content=\"Auteur: Wagner Schwartz Editeur: N\u00f3s (2018)  Broch\u00e9: 176 pages Langue: Fran\u00e7ais\/Portugais ISBN13: 978-85-69020-34-9\" \/>\n<meta property=\"og:url\" content=\"https:\/\/www.booksonthemove.fr\/produit\/jamais-ensemble-mais-en-meme-temps-nunca-juntos-mas-ao-mesmo-tempo\/\" \/>\n<meta property=\"og:site_name\" content=\"Books on the Move\" \/>\n<meta property=\"article:publisher\" content=\"https:\/\/www.facebook.com\/Librairiebooksonthemove\/\" \/>\n<meta property=\"article:modified_time\" content=\"2023-09-06T13:55:58+00:00\" \/>\n<meta property=\"og:image\" content=\"https:\/\/www.booksonthemove.fr\/media\/bom_1940.jpg\" \/>\n\t<meta property=\"og:image:width\" content=\"559\" \/>\n\t<meta property=\"og:image:height\" content=\"1024\" \/>\n\t<meta property=\"og:image:type\" content=\"image\/jpeg\" \/>\n<meta name=\"twitter:card\" content=\"summary_large_image\" \/>\n<script type=\"application\/ld+json\" class=\"yoast-schema-graph\">{\"@context\":\"https:\\\/\\\/schema.org\",\"@graph\":[{\"@type\":\"WebPage\",\"@id\":\"https:\\\/\\\/www.booksonthemove.fr\\\/produit\\\/jamais-ensemble-mais-en-meme-temps-nunca-juntos-mas-ao-mesmo-tempo\\\/\",\"url\":\"https:\\\/\\\/www.booksonthemove.fr\\\/produit\\\/jamais-ensemble-mais-en-meme-temps-nunca-juntos-mas-ao-mesmo-tempo\\\/\",\"name\":\"Jamais ensemble mais en m\u00eame temps\\\/Nunca juntos mas ao mesmo tempo - Books on the Move\",\"isPartOf\":{\"@id\":\"https:\\\/\\\/www.booksonthemove.fr\\\/#website\"},\"primaryImageOfPage\":{\"@id\":\"https:\\\/\\\/www.booksonthemove.fr\\\/produit\\\/jamais-ensemble-mais-en-meme-temps-nunca-juntos-mas-ao-mesmo-tempo\\\/#primaryimage\"},\"image\":{\"@id\":\"https:\\\/\\\/www.booksonthemove.fr\\\/produit\\\/jamais-ensemble-mais-en-meme-temps-nunca-juntos-mas-ao-mesmo-tempo\\\/#primaryimage\"},\"thumbnailUrl\":\"https:\\\/\\\/www.booksonthemove.fr\\\/media\\\/bom_1940.jpg\",\"datePublished\":\"2019-09-23T13:52:02+00:00\",\"dateModified\":\"2023-09-06T13:55:58+00:00\",\"breadcrumb\":{\"@id\":\"https:\\\/\\\/www.booksonthemove.fr\\\/produit\\\/jamais-ensemble-mais-en-meme-temps-nunca-juntos-mas-ao-mesmo-tempo\\\/#breadcrumb\"},\"inLanguage\":\"en-US\",\"potentialAction\":[{\"@type\":\"ReadAction\",\"target\":[\"https:\\\/\\\/www.booksonthemove.fr\\\/produit\\\/jamais-ensemble-mais-en-meme-temps-nunca-juntos-mas-ao-mesmo-tempo\\\/\"]}]},{\"@type\":\"ImageObject\",\"inLanguage\":\"en-US\",\"@id\":\"https:\\\/\\\/www.booksonthemove.fr\\\/produit\\\/jamais-ensemble-mais-en-meme-temps-nunca-juntos-mas-ao-mesmo-tempo\\\/#primaryimage\",\"url\":\"https:\\\/\\\/www.booksonthemove.fr\\\/media\\\/bom_1940.jpg\",\"contentUrl\":\"https:\\\/\\\/www.booksonthemove.fr\\\/media\\\/bom_1940.jpg\",\"width\":559,\"height\":1024},{\"@type\":\"BreadcrumbList\",\"@id\":\"https:\\\/\\\/www.booksonthemove.fr\\\/produit\\\/jamais-ensemble-mais-en-meme-temps-nunca-juntos-mas-ao-mesmo-tempo\\\/#breadcrumb\",\"itemListElement\":[{\"@type\":\"ListItem\",\"position\":1,\"name\":\"Accueil\",\"item\":\"https:\\\/\\\/www.booksonthemove.fr\\\/en\\\/\"},{\"@type\":\"ListItem\",\"position\":2,\"name\":\"online store\",\"item\":\"https:\\\/\\\/www.booksonthemove.fr\\\/en\\\/online-shop\\\/\"},{\"@type\":\"ListItem\",\"position\":3,\"name\":\"Jamais ensemble mais en m\u00eame temps\\\/Nunca juntos mas ao mesmo tempo\"}]},{\"@type\":\"WebSite\",\"@id\":\"https:\\\/\\\/www.booksonthemove.fr\\\/#website\",\"url\":\"https:\\\/\\\/www.booksonthemove.fr\\\/\",\"name\":\"Books on the Move\",\"description\":\"librairie nomade - danse - mouvement - performance\",\"publisher\":{\"@id\":\"https:\\\/\\\/www.booksonthemove.fr\\\/#organization\"},\"potentialAction\":[{\"@type\":\"SearchAction\",\"target\":{\"@type\":\"EntryPoint\",\"urlTemplate\":\"https:\\\/\\\/www.booksonthemove.fr\\\/?s={search_term_string}\"},\"query-input\":{\"@type\":\"PropertyValueSpecification\",\"valueRequired\":true,\"valueName\":\"search_term_string\"}}],\"inLanguage\":\"en-US\"},{\"@type\":\"Organization\",\"@id\":\"https:\\\/\\\/www.booksonthemove.fr\\\/#organization\",\"name\":\"Books on the Move\",\"url\":\"https:\\\/\\\/www.booksonthemove.fr\\\/\",\"logo\":{\"@type\":\"ImageObject\",\"inLanguage\":\"en-US\",\"@id\":\"https:\\\/\\\/www.booksonthemove.fr\\\/#\\\/schema\\\/logo\\\/image\\\/\",\"url\":\"https:\\\/\\\/www.booksonthemove.fr\\\/media\\\/logo-NB-400.jpg\",\"contentUrl\":\"https:\\\/\\\/www.booksonthemove.fr\\\/media\\\/logo-NB-400.jpg\",\"width\":400,\"height\":143,\"caption\":\"Books on the Move\"},\"image\":{\"@id\":\"https:\\\/\\\/www.booksonthemove.fr\\\/#\\\/schema\\\/logo\\\/image\\\/\"},\"sameAs\":[\"https:\\\/\\\/www.facebook.com\\\/Librairiebooksonthemove\\\/\"]}]}<\/script>\n<!-- \/ Yoast SEO plugin. -->","yoast_head_json":{"title":"Jamais ensemble mais en m\u00eame temps\/Nunca juntos mas ao mesmo tempo - Books on the Move","robots":{"index":"index","follow":"follow","max-snippet":"max-snippet:-1","max-image-preview":"max-image-preview:large","max-video-preview":"max-video-preview:-1"},"canonical":"https:\/\/www.booksonthemove.fr\/produit\/jamais-ensemble-mais-en-meme-temps-nunca-juntos-mas-ao-mesmo-tempo\/","og_locale":"en_US","og_type":"article","og_title":"Jamais ensemble mais en m\u00eame temps\/Nunca juntos mas ao mesmo tempo - Books on the Move","og_description":"Auteur: Wagner Schwartz Editeur: N\u00f3s (2018)  Broch\u00e9: 176 pages Langue: Fran\u00e7ais\/Portugais ISBN13: 978-85-69020-34-9","og_url":"https:\/\/www.booksonthemove.fr\/produit\/jamais-ensemble-mais-en-meme-temps-nunca-juntos-mas-ao-mesmo-tempo\/","og_site_name":"Books on the Move","article_publisher":"https:\/\/www.facebook.com\/Librairiebooksonthemove\/","article_modified_time":"2023-09-06T13:55:58+00:00","og_image":[{"width":559,"height":1024,"url":"https:\/\/www.booksonthemove.fr\/media\/bom_1940.jpg","type":"image\/jpeg"}],"twitter_card":"summary_large_image","schema":{"@context":"https:\/\/schema.org","@graph":[{"@type":"WebPage","@id":"https:\/\/www.booksonthemove.fr\/produit\/jamais-ensemble-mais-en-meme-temps-nunca-juntos-mas-ao-mesmo-tempo\/","url":"https:\/\/www.booksonthemove.fr\/produit\/jamais-ensemble-mais-en-meme-temps-nunca-juntos-mas-ao-mesmo-tempo\/","name":"Jamais ensemble mais en m\u00eame temps\/Nunca juntos mas ao mesmo tempo - Books on the Move","isPartOf":{"@id":"https:\/\/www.booksonthemove.fr\/#website"},"primaryImageOfPage":{"@id":"https:\/\/www.booksonthemove.fr\/produit\/jamais-ensemble-mais-en-meme-temps-nunca-juntos-mas-ao-mesmo-tempo\/#primaryimage"},"image":{"@id":"https:\/\/www.booksonthemove.fr\/produit\/jamais-ensemble-mais-en-meme-temps-nunca-juntos-mas-ao-mesmo-tempo\/#primaryimage"},"thumbnailUrl":"https:\/\/www.booksonthemove.fr\/media\/bom_1940.jpg","datePublished":"2019-09-23T13:52:02+00:00","dateModified":"2023-09-06T13:55:58+00:00","breadcrumb":{"@id":"https:\/\/www.booksonthemove.fr\/produit\/jamais-ensemble-mais-en-meme-temps-nunca-juntos-mas-ao-mesmo-tempo\/#breadcrumb"},"inLanguage":"en-US","potentialAction":[{"@type":"ReadAction","target":["https:\/\/www.booksonthemove.fr\/produit\/jamais-ensemble-mais-en-meme-temps-nunca-juntos-mas-ao-mesmo-tempo\/"]}]},{"@type":"ImageObject","inLanguage":"en-US","@id":"https:\/\/www.booksonthemove.fr\/produit\/jamais-ensemble-mais-en-meme-temps-nunca-juntos-mas-ao-mesmo-tempo\/#primaryimage","url":"https:\/\/www.booksonthemove.fr\/media\/bom_1940.jpg","contentUrl":"https:\/\/www.booksonthemove.fr\/media\/bom_1940.jpg","width":559,"height":1024},{"@type":"BreadcrumbList","@id":"https:\/\/www.booksonthemove.fr\/produit\/jamais-ensemble-mais-en-meme-temps-nunca-juntos-mas-ao-mesmo-tempo\/#breadcrumb","itemListElement":[{"@type":"ListItem","position":1,"name":"Accueil","item":"https:\/\/www.booksonthemove.fr\/en\/"},{"@type":"ListItem","position":2,"name":"online store","item":"https:\/\/www.booksonthemove.fr\/en\/online-shop\/"},{"@type":"ListItem","position":3,"name":"Jamais ensemble mais en m\u00eame temps\/Nunca juntos mas ao mesmo tempo"}]},{"@type":"WebSite","@id":"https:\/\/www.booksonthemove.fr\/#website","url":"https:\/\/www.booksonthemove.fr\/","name":"Books on the Move","description":"librairie nomade - danse - mouvement - performance","publisher":{"@id":"https:\/\/www.booksonthemove.fr\/#organization"},"potentialAction":[{"@type":"SearchAction","target":{"@type":"EntryPoint","urlTemplate":"https:\/\/www.booksonthemove.fr\/?s={search_term_string}"},"query-input":{"@type":"PropertyValueSpecification","valueRequired":true,"valueName":"search_term_string"}}],"inLanguage":"en-US"},{"@type":"Organization","@id":"https:\/\/www.booksonthemove.fr\/#organization","name":"Books on the Move","url":"https:\/\/www.booksonthemove.fr\/","logo":{"@type":"ImageObject","inLanguage":"en-US","@id":"https:\/\/www.booksonthemove.fr\/#\/schema\/logo\/image\/","url":"https:\/\/www.booksonthemove.fr\/media\/logo-NB-400.jpg","contentUrl":"https:\/\/www.booksonthemove.fr\/media\/logo-NB-400.jpg","width":400,"height":143,"caption":"Books on the Move"},"image":{"@id":"https:\/\/www.booksonthemove.fr\/#\/schema\/logo\/image\/"},"sameAs":["https:\/\/www.facebook.com\/Librairiebooksonthemove\/"]}]}},"_links":{"self":[{"href":"https:\/\/www.booksonthemove.fr\/en\/wp-json\/wp\/v2\/product\/7677","targetHints":{"allow":["GET"]}}],"collection":[{"href":"https:\/\/www.booksonthemove.fr\/en\/wp-json\/wp\/v2\/product"}],"about":[{"href":"https:\/\/www.booksonthemove.fr\/en\/wp-json\/wp\/v2\/types\/product"}],"wp:featuredmedia":[{"embeddable":true,"href":"https:\/\/www.booksonthemove.fr\/en\/wp-json\/wp\/v2\/media\/7676"}],"wp:attachment":[{"href":"https:\/\/www.booksonthemove.fr\/en\/wp-json\/wp\/v2\/media?parent=7677"}],"wp:term":[{"taxonomy":"product_brand","embeddable":true,"href":"https:\/\/www.booksonthemove.fr\/en\/wp-json\/wp\/v2\/product_brand?post=7677"},{"taxonomy":"product_cat","embeddable":true,"href":"https:\/\/www.booksonthemove.fr\/en\/wp-json\/wp\/v2\/product_cat?post=7677"},{"taxonomy":"product_tag","embeddable":true,"href":"https:\/\/www.booksonthemove.fr\/en\/wp-json\/wp\/v2\/product_tag?post=7677"}],"curies":[{"name":"wp","href":"https:\/\/api.w.org\/{rel}","templated":true}]}}